{"id":7362,"date":"2025-08-27T13:52:18","date_gmt":"2025-08-27T17:52:18","guid":{"rendered":"https:\/\/histoiredemaska.com\/?post_type=histoire&#038;p=7362"},"modified":"2025-08-28T15:35:11","modified_gmt":"2025-08-28T19:35:11","slug":"les-ecoles-de-rang-de-saint-pie","status":"publish","type":"histoire","link":"https:\/\/histoiredemaska.com\/en\/histoire\/les-ecoles-de-rang-de-saint-pie\/","title":{"rendered":"Les \u00e9coles de rang de Saint-Pie"},"content":{"rendered":"<p>En 1845, avec la venue de la Commission scolaire de Saint\u2011Pie, on voit l\u2019\u00e9rection d\u2019une douzaine d\u2019\u00e9coles sur le territoire. L\u2019\u00e9cole de la Presqu\u2019\u00cele ne surviendra qu\u2019en 1915. Le syst\u00e8me d\u2019\u00e9ducation d\u2019avant la R\u00e9volution tranquille avait \u00e9t\u00e9 relativement le m\u00eame durant un si\u00e8cle, exception faite de 1943 o\u00f9 le Qu\u00e9bec \u00e9tablit sa loi de fr\u00e9quentation scolaire obligatoire jusqu\u2018\u00e0 l\u2019\u00e2ge 14 ans (ce sera 15 ans en 1961 et finalement 16 ans en 1964).<\/p>\n<p>&nbsp;<\/p>\n<p>Avec les ann\u00e9es 1960, des changements importants d\u00e9couleront de la commission Parent avec la cr\u00e9ation du minist\u00e8re de l\u2019\u00c9ducation. S\u2019ensuivra la cr\u00e9ation de la Commission scolaire r\u00e9gionale de l\u2019Yamaska* \u00e0 laquelle adh\u00e9rera la Commission scolaire de Saint-Pie en mai 1963, se d\u00e9lestant ainsi de leurs \u00e9tudiants du secondaire. Les \u00e9coles de rang furent ferm\u00e9es et l\u2019organisation du transport scolaire am\u00e8nera dor\u00e9navant les petits au Village et dirigera les grands vers Saint-Hyacinthe. Ces vieilles \u00e9coles sont rapidement vendues par la suite tel qu\u2019annonc\u00e9 dans le bulletin paroissial du 17 novembre 1963.<\/p>\n<p>&nbsp;<\/p>\n<h4>En m\u00e9moire de ces \u00e9tablissements d&#8217;enseignement fr\u00e9quent\u00e9s par de nombreux enfants de Saint-Pie, voici un portrait de ces \u00e9coles de rang pour l\u2019ann\u00e9e 1960-61 :<\/h4>\n<figure id=\"attachment_7363\" aria-describedby=\"caption-attachment-7363\" style=\"width: 800px\" class=\"wp-caption aligncenter\"><a href=\"https:\/\/histoiredemaska.com\/wp-content\/uploads\/2025\/08\/Ancienne-ecole-Emileville-CH415.jpg\"><img fetchpriority=\"high\" decoding=\"async\" class=\"size-large wp-image-7363\" src=\"https:\/\/histoiredemaska.com\/wp-content\/uploads\/2025\/08\/Ancienne-ecole-Emileville-CH415-1024x676.jpg\" alt=\"\" width=\"800\" height=\"528\" srcset=\"https:\/\/histoiredemaska.com\/wp-content\/uploads\/2025\/08\/Ancienne-ecole-Emileville-CH415-1024x676.jpg 1024w, https:\/\/histoiredemaska.com\/wp-content\/uploads\/2025\/08\/Ancienne-ecole-Emileville-CH415-300x198.jpg 300w, https:\/\/histoiredemaska.com\/wp-content\/uploads\/2025\/08\/Ancienne-ecole-Emileville-CH415-768x507.jpg 768w, https:\/\/histoiredemaska.com\/wp-content\/uploads\/2025\/08\/Ancienne-ecole-Emileville-CH415-1536x1014.jpg 1536w, https:\/\/histoiredemaska.com\/wp-content\/uploads\/2025\/08\/Ancienne-ecole-Emileville-CH415-600x396.jpg 600w, https:\/\/histoiredemaska.com\/wp-content\/uploads\/2025\/08\/Ancienne-ecole-Emileville-CH415.jpg 1773w\" sizes=\"(max-width: 800px) 100vw, 800px\" \/><\/a><figcaption id=\"caption-attachment-7363\" class=\"wp-caption-text\">Ancienne \u00e9cole d&#8217;\u00c9mileville. Centre d&#8217;histoire de Saint-Hyacinthe. Fonds CH415 Visages de la MRC Les Maskoutains<\/figcaption><\/figure>\n<p>&nbsp;<\/p>\n<p>\u00c9cole No3 \u00c9mileville (18 \u00e9l\u00e8ves en 7 divisions)<\/p>\n<p>Institutrice\u00a0: Dame Arthur Bernier, Th\u00e9r\u00e8se Bernard (1917- 2004)<\/p>\n<p>&nbsp;<\/p>\n<p>\u00c9cole No4 Bas-de-La-Rivi\u00e8re (14 \u00e9l\u00e8ves en 7 divisions)<\/p>\n<p>Institutrice\u00a0: Mlle Antoinette Gosselin (1931-2024)<\/p>\n<p>&nbsp;<\/p>\n<figure id=\"attachment_7365\" aria-describedby=\"caption-attachment-7365\" style=\"width: 110px\" class=\"wp-caption aligncenter\"><a href=\"https:\/\/histoiredemaska.com\/wp-content\/uploads\/2025\/08\/Antoinette-Gosselin-1937-2024.jpg\"><img decoding=\"async\" class=\"wp-image-7365 size-medium\" src=\"https:\/\/histoiredemaska.com\/wp-content\/uploads\/2025\/08\/Antoinette-Gosselin-1937-2024-110x300.jpg\" alt=\"\" width=\"110\" height=\"300\" srcset=\"https:\/\/histoiredemaska.com\/wp-content\/uploads\/2025\/08\/Antoinette-Gosselin-1937-2024-110x300.jpg 110w, https:\/\/histoiredemaska.com\/wp-content\/uploads\/2025\/08\/Antoinette-Gosselin-1937-2024-375x1024.jpg 375w, https:\/\/histoiredemaska.com\/wp-content\/uploads\/2025\/08\/Antoinette-Gosselin-1937-2024-563x1536.jpg 563w, https:\/\/histoiredemaska.com\/wp-content\/uploads\/2025\/08\/Antoinette-Gosselin-1937-2024-600x1637.jpg 600w, https:\/\/histoiredemaska.com\/wp-content\/uploads\/2025\/08\/Antoinette-Gosselin-1937-2024.jpg 625w\" sizes=\"(max-width: 110px) 100vw, 110px\" \/><\/a><figcaption id=\"caption-attachment-7365\" class=\"wp-caption-text\">Signet mortuaire d&#8217;Antoinette Gosselin. Source : Henriette T\u00e9treault.<\/figcaption><\/figure>\n<p>&nbsp;<\/p>\n<p>\u00c9cole No5 Rang Double (28 \u00e9l\u00e8ves en 7 divisions)<\/p>\n<p>Institutrice\u00a0: Dame Arthur Bourgeois, Bernadette Denette (1904-1992)<\/p>\n<p>&nbsp;<\/p>\n<p>\u00c9cole No6 Haut-de-la-Rivi\u00e8re-Nord (22 \u00e9l\u00e8ves en 7 divisions)<\/p>\n<p>Institutrice\u00a0: Dame Rom\u00e9o Beauregard<\/p>\n<p>&nbsp;<\/p>\n<p>\u00c9cole No7 Grand-Rang-Saint-Fran\u00e7ois (40 \u00e9l\u00e8ves en 7 divisions)<\/p>\n<p>Institutrices\u00a0:<\/p>\n<p>Mlle Olivette St-Jacques (1942-), classe de 4-5-6-7<sup>e<\/sup><\/p>\n<p>Mlle Clarisse St-Jacques (1943-), classe de 1-2-3<sup>e<\/sup><\/p>\n<p>&nbsp;<\/p>\n<p>\u00c9cole No8 Petit-Rang-Saint-Fran\u00e7ois, en bas (30 \u00e9l\u00e8ves en 7 divisions)<\/p>\n<p>Institutrice\u00a0: Dame Bernard Croteau<\/p>\n<p>&nbsp;<\/p>\n<p>\u00c9cole No9 Petit-Rang-Saint-Fran\u00e7ois, en haut (38 \u00e9l\u00e8ves en 7 divisions)<\/p>\n<p>Institutrice\u00a0: Dame Arthur Cordeau, Agathe Tanguay (1916-1995)<\/p>\n<p>&nbsp;<\/p>\n<p>\u00c9cole No10 Rang Saint-Ours (10 \u00e9l\u00e8ves en 6 divisions)<\/p>\n<p>Institutrice\u00a0: Mlle Laure Forand (1942-)<\/p>\n<p>&nbsp;<\/p>\n<p>\u00c9cole No11 Bas-de-La-Rivi\u00e8re (18 \u00e9l\u00e8ves en 7 divisions)<\/p>\n<p>Institutrice\u00a0: Mlle Madeleine Laplante<\/p>\n<p>&nbsp;<\/p>\n<p>\u00c9cole No12 Haut-de-la-Rivi\u00e8re-Sud (18 \u00e9l\u00e8ves en 5 divisions)<\/p>\n<p>Institutrice\u00a0: Mlle Jacqueline Couture (1937-2019)<\/p>\n<p>&nbsp;<\/p>\n<p>\u00c9cole No13 Haut-de-la-Rivi\u00e8re-Nord (12 \u00e9l\u00e8ves en 5 divisions)<\/p>\n<p>Institutrice\u00a0: Mlle Nicole Robert (1936-2016)<\/p>\n<p>&nbsp;<\/p>\n<p>\u00c9cole No14 Presqu\u2019\u00cele (19 \u00e9l\u00e8ves en 6 divisions)<\/p>\n<p>Institutrice\u00a0: Mlle Jeannine Roy (1929-2020)<\/p>\n<p>&nbsp;<\/p>\n<p>Certaines de ces \u00ab\u00a0ma\u00eetresses\u00a0\u00bb vous font certainement penser \u00e0 <em>\u00c9milie Bordeleau <\/em>du roman <em>Les filles de Caleb<\/em>, consid\u00e9rant leur jeune \u00e2ge!<\/p>\n<h4>Terminons avec quelques photos fournies par Henriette T\u00e9treault\u00a0:<\/h4>\n<div id='gallery-1' class='gallery galleryid-7362 gallery-columns-3 gallery-size-medium'><figure class='gallery-item'>\n\t\t\t<div class='gallery-icon landscape'>\n\t\t\t\t<a href='https:\/\/histoiredemaska.com\/wp-content\/uploads\/2025\/08\/Ecole-No8-Bas-Petit-St-Francois.jpg'><img decoding=\"async\" width=\"300\" height=\"223\" src=\"https:\/\/histoiredemaska.com\/wp-content\/uploads\/2025\/08\/Ecole-No8-Bas-Petit-St-Francois-300x223.jpg\" class=\"attachment-medium size-medium\" alt=\"\" aria-describedby=\"gallery-1-7368\" srcset=\"https:\/\/histoiredemaska.com\/wp-content\/uploads\/2025\/08\/Ecole-No8-Bas-Petit-St-Francois-300x223.jpg 300w, https:\/\/histoiredemaska.com\/wp-content\/uploads\/2025\/08\/Ecole-No8-Bas-Petit-St-Francois-1024x761.jpg 1024w, https:\/\/histoiredemaska.com\/wp-content\/uploads\/2025\/08\/Ecole-No8-Bas-Petit-St-Francois-768x571.jpg 768w, https:\/\/histoiredemaska.com\/wp-content\/uploads\/2025\/08\/Ecole-No8-Bas-Petit-St-Francois-1536x1142.jpg 1536w, https:\/\/histoiredemaska.com\/wp-content\/uploads\/2025\/08\/Ecole-No8-Bas-Petit-St-Francois-2048x1523.jpg 2048w, https:\/\/histoiredemaska.com\/wp-content\/uploads\/2025\/08\/Ecole-No8-Bas-Petit-St-Francois-600x446.jpg 600w\" sizes=\"(max-width: 300px) 100vw, 300px\" \/><\/a>\n\t\t\t<\/div>\n\t\t\t\t<figcaption class='wp-caption-text gallery-caption' id='gallery-1-7368'>\n\t\t\t\t\u00c9cole No8 Bas-Petit-St-Fran\u00e7ois\n\t\t\t\t<\/figcaption><\/figure><figure class='gallery-item'>\n\t\t\t<div class='gallery-icon landscape'>\n\t\t\t\t<a href='https:\/\/histoiredemaska.com\/wp-content\/uploads\/2025\/08\/Petit-St-Francois-vers-1940-prix-de-fin-dannee.jpg'><img loading=\"lazy\" decoding=\"async\" width=\"300\" height=\"195\" src=\"https:\/\/histoiredemaska.com\/wp-content\/uploads\/2025\/08\/Petit-St-Francois-vers-1940-prix-de-fin-dannee-300x195.jpg\" class=\"attachment-medium size-medium\" alt=\"\" aria-describedby=\"gallery-1-7370\" srcset=\"https:\/\/histoiredemaska.com\/wp-content\/uploads\/2025\/08\/Petit-St-Francois-vers-1940-prix-de-fin-dannee-300x195.jpg 300w, https:\/\/histoiredemaska.com\/wp-content\/uploads\/2025\/08\/Petit-St-Francois-vers-1940-prix-de-fin-dannee-768x499.jpg 768w, https:\/\/histoiredemaska.com\/wp-content\/uploads\/2025\/08\/Petit-St-Francois-vers-1940-prix-de-fin-dannee-600x390.jpg 600w, https:\/\/histoiredemaska.com\/wp-content\/uploads\/2025\/08\/Petit-St-Francois-vers-1940-prix-de-fin-dannee.jpg 927w\" sizes=\"(max-width: 300px) 100vw, 300px\" \/><\/a>\n\t\t\t<\/div>\n\t\t\t\t<figcaption class='wp-caption-text gallery-caption' id='gallery-1-7370'>\n\t\t\t\tRemise de prix \u00e0 l&#8217;\u00e9cole No8 Bas-Petit-Saint-Fran\u00e7ois, vers 1940\n\t\t\t\t<\/figcaption><\/figure><figure class='gallery-item'>\n\t\t\t<div class='gallery-icon landscape'>\n\t\t\t\t<a href='https:\/\/histoiredemaska.com\/wp-content\/uploads\/2025\/08\/Remise-des-prix-Ecole-No8-Bas-Petit-St-Francois.jpg'><img loading=\"lazy\" decoding=\"async\" width=\"300\" height=\"221\" src=\"https:\/\/histoiredemaska.com\/wp-content\/uploads\/2025\/08\/Remise-des-prix-Ecole-No8-Bas-Petit-St-Francois-300x221.jpg\" class=\"attachment-medium size-medium\" alt=\"\" aria-describedby=\"gallery-1-7372\" srcset=\"https:\/\/histoiredemaska.com\/wp-content\/uploads\/2025\/08\/Remise-des-prix-Ecole-No8-Bas-Petit-St-Francois-300x221.jpg 300w, https:\/\/histoiredemaska.com\/wp-content\/uploads\/2025\/08\/Remise-des-prix-Ecole-No8-Bas-Petit-St-Francois-1024x754.jpg 1024w, https:\/\/histoiredemaska.com\/wp-content\/uploads\/2025\/08\/Remise-des-prix-Ecole-No8-Bas-Petit-St-Francois-768x566.jpg 768w, https:\/\/histoiredemaska.com\/wp-content\/uploads\/2025\/08\/Remise-des-prix-Ecole-No8-Bas-Petit-St-Francois-1536x1132.jpg 1536w, https:\/\/histoiredemaska.com\/wp-content\/uploads\/2025\/08\/Remise-des-prix-Ecole-No8-Bas-Petit-St-Francois-2048x1509.jpg 2048w, https:\/\/histoiredemaska.com\/wp-content\/uploads\/2025\/08\/Remise-des-prix-Ecole-No8-Bas-Petit-St-Francois-600x442.jpg 600w\" sizes=\"(max-width: 300px) 100vw, 300px\" \/><\/a>\n\t\t\t<\/div>\n\t\t\t\t<figcaption class='wp-caption-text gallery-caption' id='gallery-1-7372'>\n\t\t\t\tRemise des prix \u00e0 l&#8217;\u00e9cole No8 Bas-Petit-St-Fran\u00e7ois\n\t\t\t\t<\/figcaption><\/figure><figure class='gallery-item'>\n\t\t\t<div class='gallery-icon landscape'>\n\t\t\t\t<a href='https:\/\/histoiredemaska.com\/wp-content\/uploads\/2025\/08\/Remise-des-prix_2-Ecole-No8-Bas-Petit-St-Francois.jpg'><img loading=\"lazy\" decoding=\"async\" width=\"300\" height=\"225\" src=\"https:\/\/histoiredemaska.com\/wp-content\/uploads\/2025\/08\/Remise-des-prix_2-Ecole-No8-Bas-Petit-St-Francois-300x225.jpg\" class=\"attachment-medium size-medium\" alt=\"\" aria-describedby=\"gallery-1-7374\" srcset=\"https:\/\/histoiredemaska.com\/wp-content\/uploads\/2025\/08\/Remise-des-prix_2-Ecole-No8-Bas-Petit-St-Francois-300x225.jpg 300w, https:\/\/histoiredemaska.com\/wp-content\/uploads\/2025\/08\/Remise-des-prix_2-Ecole-No8-Bas-Petit-St-Francois-1024x768.jpg 1024w, https:\/\/histoiredemaska.com\/wp-content\/uploads\/2025\/08\/Remise-des-prix_2-Ecole-No8-Bas-Petit-St-Francois-768x576.jpg 768w, https:\/\/histoiredemaska.com\/wp-content\/uploads\/2025\/08\/Remise-des-prix_2-Ecole-No8-Bas-Petit-St-Francois-1536x1152.jpg 1536w, https:\/\/histoiredemaska.com\/wp-content\/uploads\/2025\/08\/Remise-des-prix_2-Ecole-No8-Bas-Petit-St-Francois-600x450.jpg 600w, https:\/\/histoiredemaska.com\/wp-content\/uploads\/2025\/08\/Remise-des-prix_2-Ecole-No8-Bas-Petit-St-Francois.jpg 2048w\" sizes=\"(max-width: 300px) 100vw, 300px\" \/><\/a>\n\t\t\t<\/div>\n\t\t\t\t<figcaption class='wp-caption-text gallery-caption' id='gallery-1-7374'>\n\t\t\t\tRemise de prix \u00e0 l&#8217;\u00e9cole No8 Bas-Petit-St-Fran\u00e7ois\n\t\t\t\t<\/figcaption><\/figure>\n\t\t<\/div>\n\n<p>&nbsp;<\/p>\n<p>Peut-\u00eatre que le contenu de cet article permettra d\u2019initier quelques conversations autour d\u2019un bon feu de foyer pour ceux et celles qui ont fr\u00e9quent\u00e9 ces \u00e9coles!<\/p>\n<p>&nbsp;<\/p>\n<p>Un article de Richard St-Pierre tir\u00e9 de la chronique \u00ab Histoire et patrimoine \u00bb de <em>l\u2019\u00c9cho de ma ville<\/em> (le bulletin municipal de Saint-Pie) paru en juillet 2021.<\/p>\n<p>&nbsp;<\/p>\n<p>* Par des r\u00e9formes subs\u00e9quentes, la Commission scolaire r\u00e9gionale de l\u2019Yamaska deviendra \u00e0 son tour la Commission scolaire de Saint-Hyacinthe.<\/p>\n","protected":false},"featured_media":7375,"template":"","auteur":[131],"categorie-dhistoire":[68],"class_list":["post-7362","histoire","type-histoire","status-publish","has-post-thumbnail","hentry","auteur-richard-saint-pierre","categorie-dhistoire-education"],"acf":[],"_links":{"self":[{"href":"https:\/\/histoiredemaska.com\/en\/wp-json\/wp\/v2\/histoire\/7362","targetHints":{"allow":["GET"]}}],"collection":[{"href":"https:\/\/histoiredemaska.com\/en\/wp-json\/wp\/v2\/histoire"}],"about":[{"href":"https:\/\/histoiredemaska.com\/en\/wp-json\/wp\/v2\/types\/histoire"}],"version-history":[{"count":7,"href":"https:\/\/histoiredemaska.com\/en\/wp-json\/wp\/v2\/histoire\/7362\/revisions"}],"predecessor-version":[{"id":7385,"href":"https:\/\/histoiredemaska.com\/en\/wp-json\/wp\/v2\/histoire\/7362\/revisions\/7385"}],"wp:featuredmedia":[{"embeddable":true,"href":"https:\/\/histoiredemaska.com\/en\/wp-json\/wp\/v2\/media\/7375"}],"wp:attachment":[{"href":"https:\/\/histoiredemaska.com\/en\/wp-json\/wp\/v2\/media?parent=7362"}],"wp:term":[{"taxonomy":"auteur","embeddable":true,"href":"https:\/\/histoiredemaska.com\/en\/wp-json\/wp\/v2\/auteur?post=7362"},{"taxonomy":"categorie-dhistoire","embeddable":true,"href":"https:\/\/histoiredemaska.com\/en\/wp-json\/wp\/v2\/categorie-dhistoire?post=7362"}],"curies":[{"name":"wp","href":"https:\/\/api.w.org\/{rel}","templated":true}]}}