{"id":7424,"date":"2025-09-08T09:46:01","date_gmt":"2025-09-08T13:46:01","guid":{"rendered":"https:\/\/histoiredemaska.com\/?post_type=histoire&#038;p=7424"},"modified":"2025-09-08T11:47:50","modified_gmt":"2025-09-08T15:47:50","slug":"blanche-almeras-1879-1946","status":"publish","type":"histoire","link":"https:\/\/histoiredemaska.com\/en\/histoire\/blanche-almeras-1879-1946\/","title":{"rendered":"Blanche Alm\u00e9ras (1879-1946)"},"content":{"rendered":"<p>N\u00e9e \u00e0 Qu\u00e9bec en 1879, Blanche Alm\u00e9ras a fait ses \u00e9tudes chez les Ursulines. Elle d\u00e9bute tr\u00e8s t\u00f4t sa carri\u00e8re de pianiste puisqu\u2019on retrouve la talentueuse enfant dans certains \u00e9v\u00e9nements publics comme des bazars. Elle a suivi des le\u00e7ons de musique avec le professeur Gustave Chagnon, l\u2019organiste Joseph-Daniel Dussault, le pianiste Arthur Letondal et l\u2019organiste Romain-Octave Pelletier.<\/p>\n<p>&nbsp;<\/p>\n<p>Lorsqu\u2019elle vit \u00e0 Montr\u00e9al, on la retrouve \u00e0 l\u2019orgue de l\u2019\u00e9glise des P\u00e8res du Tr\u00e8s-Saint-Sacrement et, entre 1903 et 1909, elle joue \u00e9galement \u00e0 la chapelle Sacr\u00e9-C\u0153ur de l\u2019\u00e9glise Notre-Dame (aujourd\u2019hui basilique Notre-Dame). Elle est \u00e9galement organiste suppl\u00e9ante dans d\u2019autres lieux de culte. Durant cette p\u00e9riode, Blanche Alm\u00e9ras participe \u00e0 des concerts de charit\u00e9 et joue de l\u2019orgue \u00e0 des fun\u00e9railles et \u00e0 des mariages. Tr\u00e8s active dans le milieu de la musique, elle enseigne \u00e9galement le piano et se produit lors de concerts au Qu\u00e9bec et aux \u00c9tats-Unis.<\/p>\n<figure id=\"attachment_7427\" aria-describedby=\"caption-attachment-7427\" style=\"width: 722px\" class=\"wp-caption aligncenter\"><a href=\"https:\/\/histoiredemaska.com\/wp-content\/uploads\/2025\/09\/blanche-almeras-et-son-epoux-scaled.jpg\"><img fetchpriority=\"high\" decoding=\"async\" class=\"size-large wp-image-7427\" src=\"https:\/\/histoiredemaska.com\/wp-content\/uploads\/2025\/09\/blanche-almeras-et-son-epoux-722x1024.jpg\" alt=\"Blanche Alm\u00e9ras et son \u00e9poux, le docteur Paul Fournier. Centre d'histoire de Saint-Hyacinthe. Fonds CH085 Studio B. J. H\u00e9bert\" width=\"722\" height=\"1024\" srcset=\"https:\/\/histoiredemaska.com\/wp-content\/uploads\/2025\/09\/blanche-almeras-et-son-epoux-722x1024.jpg 722w, https:\/\/histoiredemaska.com\/wp-content\/uploads\/2025\/09\/blanche-almeras-et-son-epoux-211x300.jpg 211w, https:\/\/histoiredemaska.com\/wp-content\/uploads\/2025\/09\/blanche-almeras-et-son-epoux-768x1090.jpg 768w, https:\/\/histoiredemaska.com\/wp-content\/uploads\/2025\/09\/blanche-almeras-et-son-epoux-1082x1536.jpg 1082w, https:\/\/histoiredemaska.com\/wp-content\/uploads\/2025\/09\/blanche-almeras-et-son-epoux-1443x2048.jpg 1443w, https:\/\/histoiredemaska.com\/wp-content\/uploads\/2025\/09\/blanche-almeras-et-son-epoux-600x852.jpg 600w, https:\/\/histoiredemaska.com\/wp-content\/uploads\/2025\/09\/blanche-almeras-et-son-epoux-scaled.jpg 1804w\" sizes=\"(max-width: 722px) 100vw, 722px\" \/><\/a><figcaption id=\"caption-attachment-7427\" class=\"wp-caption-text\">Blanche Alm\u00e9ras et son \u00e9poux, le docteur Paul Fournier. Centre d&#8217;histoire de Saint-Hyacinthe. Fonds CH085 Studio B. J. H\u00e9bert<\/figcaption><\/figure>\n<p>Apr\u00e8s son mariage en 1909 avec le docteur Paul Fournier, chirurgien-dentiste, elle s\u2019\u00e9tablit \u00e0 Saint-Hyacinthe o\u00f9 elle mettra au monde trois enfants. En tant qu\u2019organiste de la chorale de la cath\u00e9drale, le public maskoutain a pu l\u2019entendre lors des messes de minuit, de fun\u00e9railles, des f\u00eates de P\u00e2ques et d\u2019autres messes o\u00f9 la chorale, alors dirig\u00e9e par L\u00e9on Ringuet, \u00e9tait sollicit\u00e9e. En 1924, c\u2019est elle qui est \u00e0 l\u2019orgue lors du sacre de Monseigneur Fabien-Zo\u00eb Decelles. Elle accompagne aussi la chorale au piano lors d\u2019autres \u00e9v\u00e9nements d\u2019envergure comme la f\u00eate de la Sainte-Catherine qui a attir\u00e9 500 personnes \u00e0 la salle du Patronage Saint-Vincent-de-Paul en 1920, ou encore les c\u00e9l\u00e9brations du 50<sup>e<\/sup> anniversaire de l\u2019Union Saint-Joseph en 1925.<\/p>\n<figure id=\"attachment_7433\" aria-describedby=\"caption-attachment-7433\" style=\"width: 733px\" class=\"wp-caption aligncenter\"><a href=\"https:\/\/histoiredemaska.com\/wp-content\/uploads\/2025\/09\/blanche-almeras-scaled.jpg\"><img decoding=\"async\" class=\"size-large wp-image-7433\" src=\"https:\/\/histoiredemaska.com\/wp-content\/uploads\/2025\/09\/blanche-almeras-733x1024.jpg\" alt=\"\" width=\"733\" height=\"1024\" srcset=\"https:\/\/histoiredemaska.com\/wp-content\/uploads\/2025\/09\/blanche-almeras-733x1024.jpg 733w, https:\/\/histoiredemaska.com\/wp-content\/uploads\/2025\/09\/blanche-almeras-215x300.jpg 215w, https:\/\/histoiredemaska.com\/wp-content\/uploads\/2025\/09\/blanche-almeras-768x1072.jpg 768w, https:\/\/histoiredemaska.com\/wp-content\/uploads\/2025\/09\/blanche-almeras-1100x1536.jpg 1100w, https:\/\/histoiredemaska.com\/wp-content\/uploads\/2025\/09\/blanche-almeras-1467x2048.jpg 1467w, https:\/\/histoiredemaska.com\/wp-content\/uploads\/2025\/09\/blanche-almeras-600x838.jpg 600w, https:\/\/histoiredemaska.com\/wp-content\/uploads\/2025\/09\/blanche-almeras-scaled.jpg 1834w\" sizes=\"(max-width: 733px) 100vw, 733px\" \/><\/a><figcaption id=\"caption-attachment-7433\" class=\"wp-caption-text\">Blanche Alm\u00e9ras. Centre d&#8217;histoire de Saint-Hyacinthe. Fonds CH085 Studio B. J. H\u00e9bert<\/figcaption><\/figure>\n<p>Elle retourne parfois \u00e0 Montr\u00e9al o\u00f9 son talent est aussi salu\u00e9. Par exemple, en juin 1910, elle est au piano lors d\u2019un \u00e9v\u00e9nement musical qui a lieu au Monument national et, en 1913, elle est de retour \u00e0 l\u2019orgue de l\u2019\u00e9glise des P\u00e8res du Tr\u00e8s-Saint-Sacrement lors de la messe de minuit. \u00c0 Saint-Hyacinthe, elle participe et organise des soir\u00e9es artistiques au profit d\u2019\u0153uvres de charit\u00e9 o\u00f9 elle fait parfois venir des artistes de Montr\u00e9al, comme c\u2019est le cas en avril 1926\u00a0:<\/p>\n<blockquote><p><em>(\u2026) la foule qui remplissait le vaste vaisseau de la cath\u00e9drale, a admir\u00e9, une fois de plus toute la ma\u00eetrise que poss\u00e8de \u00e9minemment Mme Dr J.-N. Paul Fournier. Mme Fournier est de ces artistes cach\u00e9es pour qui l&#8217;art musical est une passion et une \u0153uvre : sa science technique de l&#8217;orgue et sa sentimentalit\u00e9 musicale la placent depuis longtemps au rang de nos artistes les plus distingu\u00e9es. Et nous nous en glorifions. Je m&#8217;en voudrais d&#8217;ailleurs de f\u00e9liciter un talent qu&#8217;il n&#8217;a de rival que sa propre humilit\u00e9. (\u2026)<\/em><\/p><\/blockquote>\n<p>&#8211; Professeur J.-E. Paquin, \u00ab Le D\u00e9sert \u00e0 la cath\u00e9drale \u00bb dans <em>Le Courrier de Saint-Hyacinthe<\/em>, 30 avril 1926, p. 5.<\/p>\n<p>&nbsp;<\/p>\n<p>En 1917, elle a fond\u00e9 la chorale Sainte-C\u00e9cile de la paroisse Notre-Dame-du-Rosaire dont elle assure la direction durant quelques mois avant d\u2019en confier la responsabilit\u00e9 \u00e0 Madeleine Charland. Elle demeure toutefois l\u2019organiste de la chorale.<\/p>\n<p>&nbsp;<\/p>\n<p>Durant cette p\u00e9riode, il semble que la famille Fournier ait pass\u00e9 plusieurs \u00e9t\u00e9s dans une r\u00e9sidence secondaire qui fut mise en vente en 1930 :<\/p>\n<figure id=\"attachment_7429\" aria-describedby=\"caption-attachment-7429\" style=\"width: 492px\" class=\"wp-caption aligncenter\"><a href=\"https:\/\/histoiredemaska.com\/wp-content\/uploads\/2025\/09\/Le-Clairon-11-juillet-1930-p.5.jpg\"><img decoding=\"async\" class=\"size-full wp-image-7429\" src=\"https:\/\/histoiredemaska.com\/wp-content\/uploads\/2025\/09\/Le-Clairon-11-juillet-1930-p.5.jpg\" alt=\"\" width=\"492\" height=\"454\" srcset=\"https:\/\/histoiredemaska.com\/wp-content\/uploads\/2025\/09\/Le-Clairon-11-juillet-1930-p.5.jpg 492w, https:\/\/histoiredemaska.com\/wp-content\/uploads\/2025\/09\/Le-Clairon-11-juillet-1930-p.5-300x277.jpg 300w\" sizes=\"(max-width: 492px) 100vw, 492px\" \/><\/a><figcaption id=\"caption-attachment-7429\" class=\"wp-caption-text\">Le Clairon, 11 juillet 1930, p. 5<\/figcaption><\/figure>\n<p>&nbsp;<\/p>\n<p>Durant sa carri\u00e8re, Blanche Alm\u00e9ras inaugure plusieurs orgues au Qu\u00e9bec et aux \u00c9tats-Unis et il arrive que les journaux de l\u2019\u00e9poque rapportent l\u2019\u00e9v\u00e9nement\u00a0:<\/p>\n<blockquote><p><em>Lundi soir dernier \u00e0 Waterloo a eu lieu la b\u00e9n\u00e9diction et l&#8217;inauguration d&#8217;un nouvel orgue en l&#8217;\u00e9glise paroissiale de Saint-Bernardin. Les MM. Casavant s&#8217;\u00e9taient assur\u00e9s les services de la Chorale de St-Hyacinthe et Mme Docteur Fournier, de notre ville, s&#8217;\u00e9tait charg\u00e9e de l&#8217;essai du nouvel instrument. Notre confr\u00e8re\u00a0Le Journal de Waterloo\u00a0r\u00e9sume ses impressions comme suit :<\/em><\/p>\n<p><em>\u00ab Mme (Dr) Fournier de St-Hyacinthe n&#8217;a pas d\u00e9menti la haute r\u00e9putation de son beau talent musical. Nous lui devons un chaleureux merci pour nous avoir fait \u00e9prouver de si douces et de si intenses \u00e9motions. La Chorale de St-Hyacinthe, sous l&#8217;habile direction du professeur distingu\u00e9 qu&#8217;est M. L\u00e9on Ringuet, a chant\u00e9 avec ma\u00eetrise des pi\u00e8ces de ma\u00eetres. MM. Beauregard, Casavant et St-Germain, solistes, auraient soulev\u00e9 des applaudissements si la majest\u00e9 du lieu saint n&#8217;avait emp\u00each\u00e9 les assistants de ce faire.<\/em><\/p>\n<p><em>Le sermon de circonstance fut fait par Mgr l&#8217;abb\u00e9 J.A. V\u00e9zina, du S\u00e9minaire de St-Hyacinthe. Le pr\u00e9dicateur a atteint les sommets de l&#8217;\u00e9loquence sacr\u00e9e. \u00bb<\/em><\/p><\/blockquote>\n<p>&#8211; \u00ab Imposante solennit\u00e9 \u00bb dans <em>Le Courrier de St-Hyacinthe<\/em>, 3 janvier 1914, p. 3<\/p>\n<figure id=\"attachment_7431\" aria-describedby=\"caption-attachment-7431\" style=\"width: 216px\" class=\"wp-caption aligncenter\"><a href=\"https:\/\/histoiredemaska.com\/wp-content\/uploads\/2025\/09\/La-presse-19-juin-1924-p.-32.jpg\"><img loading=\"lazy\" decoding=\"async\" class=\"size-full wp-image-7431\" src=\"https:\/\/histoiredemaska.com\/wp-content\/uploads\/2025\/09\/La-presse-19-juin-1924-p.-32.jpg\" alt=\"\" width=\"216\" height=\"437\" srcset=\"https:\/\/histoiredemaska.com\/wp-content\/uploads\/2025\/09\/La-presse-19-juin-1924-p.-32.jpg 216w, https:\/\/histoiredemaska.com\/wp-content\/uploads\/2025\/09\/La-presse-19-juin-1924-p.-32-148x300.jpg 148w\" sizes=\"(max-width: 216px) 100vw, 216px\" \/><\/a><figcaption id=\"caption-attachment-7431\" class=\"wp-caption-text\"><em>La Presse<\/em>, 19 juin 1924, p. 32<\/figcaption><\/figure>\n<p>En juin 1929, Blanche Alm\u00e9ras participe \u00e0 une \u00e9mission de radio \u00e0 C.K.S.H. o\u00f9 elle offre un r\u00e9cital en direct de Casavant Fr\u00e8res pour faire entendre le son du \u00ab Pacifique Canadien \u00bb avant qu\u2019il soit install\u00e9 dans la salle de concert du prestigieux H\u00f4tel Royal York de Toronto. Il s\u2019agit du premier orgue \u00e0 cinq claviers construit au Canada et il s\u2019agissait, \u00e0 l\u2019\u00e9poque, du plus grand au pays.<\/p>\n<p>En 1929, la famille Fournier quitte sa r\u00e9sidence de la rue Girouard \u00e0 Saint-Hyacinthe pour aller s\u2019\u00e9tablir \u00e0 Outremont sur le chemin Sainte-Catherine. Un an plus tard, le docteur Fournier d\u00e9c\u00e8de et ses fun\u00e9railles attirent ses anciens coll\u00e8gues chirurgiens-dentistes de diff\u00e9rentes r\u00e9gions du Qu\u00e9bec. Ces \u00e9v\u00e9nements n\u2019emp\u00eachent pas Blanche Alm\u00e9ras de conserver des contacts en sol maskoutain. En effet, en 1932, on la retrouve \u00e0 la direction du programme musical pour un mariage c\u00e9l\u00e9br\u00e9 \u00e0 la cath\u00e9drale et, en 1936, elle accompagne la soliste Simonne Quesnel lors d\u2019une messe sp\u00e9ciale qui a lieu \u00e0 l\u2019\u00e9glise Notre-Dame-du-Rosaire.<\/p>\n<p>Entre 1931 et 1946, on pouvait entendre Blanche Alm\u00e9ras jouer de l\u2019orgue \u00e0 la messe de 10h \u00e0 l\u2019\u00e9glise Saint-Germain d\u2019Outremont. Lors de son d\u00e9c\u00e8s, on pouvait lire \u00e0 la premi\u00e8re page du Courrier de Saint-Hyacinthe\u00a0: \u00ab Grande perte pour le monde de la musique \u00bb o\u00f9 on la pr\u00e9sente comme une musicienne accomplie. Ses fun\u00e9railles ont \u00e9t\u00e9 c\u00e9l\u00e9br\u00e9es \u00e0 l\u2019\u00e9glise Saint-Germain d\u2019Outremont le mercredi 20 novembre 1946.<\/p>\n<p>&nbsp;<\/p>\n<p>D&#8217;apr\u00e8s un article de Jo\u00eblle Th\u00e9rien paru dans l&#8217;\u00e9dition du 28 ao\u00fbt 2025 du journal <em>Le Courrier de Saint-Hyacinthe<\/em><\/p>\n<p>&nbsp;<\/p>\n<p>Les informations historiques proviennent d&#8217;articles de journaux (<em>Le Clairon, <\/em><em>Le Courrier de Saint-Hyacinthe, <\/em><em>La Presse <\/em>et <em>La Patrie) <\/em>consult\u00e9s sur le site Internet de Biblioth\u00e8que et Archives nationales du Qu\u00e9bec.<\/p>\n<p>&nbsp;<\/p>\n","protected":false},"featured_media":7425,"template":"","auteur":[135],"categorie-dhistoire":[48],"class_list":["post-7424","histoire","type-histoire","status-publish","has-post-thumbnail","hentry","auteur-joelle-therien","categorie-dhistoire-arts"],"acf":[],"_links":{"self":[{"href":"https:\/\/histoiredemaska.com\/en\/wp-json\/wp\/v2\/histoire\/7424","targetHints":{"allow":["GET"]}}],"collection":[{"href":"https:\/\/histoiredemaska.com\/en\/wp-json\/wp\/v2\/histoire"}],"about":[{"href":"https:\/\/histoiredemaska.com\/en\/wp-json\/wp\/v2\/types\/histoire"}],"version-history":[{"count":4,"href":"https:\/\/histoiredemaska.com\/en\/wp-json\/wp\/v2\/histoire\/7424\/revisions"}],"predecessor-version":[{"id":7438,"href":"https:\/\/histoiredemaska.com\/en\/wp-json\/wp\/v2\/histoire\/7424\/revisions\/7438"}],"wp:featuredmedia":[{"embeddable":true,"href":"https:\/\/histoiredemaska.com\/en\/wp-json\/wp\/v2\/media\/7425"}],"wp:attachment":[{"href":"https:\/\/histoiredemaska.com\/en\/wp-json\/wp\/v2\/media?parent=7424"}],"wp:term":[{"taxonomy":"auteur","embeddable":true,"href":"https:\/\/histoiredemaska.com\/en\/wp-json\/wp\/v2\/auteur?post=7424"},{"taxonomy":"categorie-dhistoire","embeddable":true,"href":"https:\/\/histoiredemaska.com\/en\/wp-json\/wp\/v2\/categorie-dhistoire?post=7424"}],"curies":[{"name":"wp","href":"https:\/\/api.w.org\/{rel}","templated":true}]}}