{"id":7444,"date":"2025-09-09T10:23:47","date_gmt":"2025-09-09T14:23:47","guid":{"rendered":"https:\/\/histoiredemaska.com\/?post_type=histoire&#038;p=7444"},"modified":"2025-09-24T15:13:58","modified_gmt":"2025-09-24T19:13:58","slug":"loeuvre-delzear-soucy-a-saint-hyacinthe","status":"publish","type":"histoire","link":"https:\/\/histoiredemaska.com\/en\/histoire\/loeuvre-delzear-soucy-a-saint-hyacinthe\/","title":{"rendered":"L&#8217;oeuvre d&#8217;Elz\u00e9ar Soucy \u00e0 Saint-Hyacinthe"},"content":{"rendered":"<p>Avec Louis-Philippe H\u00e9bert et Alfred Lalibert\u00e9, Elz\u00e9ar Soucy est l\u2019un des sculpteurs les plus c\u00e9l\u00e8bres du Qu\u00e9bec durant la premi\u00e8re moiti\u00e9 du XXe si\u00e8cle. N\u00e9 en 1876 \u00e0 Saint-On\u00e9sime-d\u2019Ixworth dans le comt\u00e9 de Kamouraska, il a neuf ans lorsque sa famille s\u2019installe \u00e0 Montr\u00e9al. Il \u00e9tudie le dessin chez les Clercs de Saint-Viateur. En sortant de l\u2019\u00e9cole, en 1894, il apprend la sculpture avec Joseph-Arthur Vincent, puis durant sept ans au Monument national de Montr\u00e9al avec, entre autres, Olindo Gratton et Louis-Philippe H\u00e9bert. Peu de temps apr\u00e8s, il devient l\u2019assistant du statuaire George Hill dont il ach\u00e8tera l\u2019atelier de la rue Bleury en 1912.<\/p>\n<p>Son atelier offrait \u00e0 sa client\u00e8le une grande diversit\u00e9 de services (moulage en pl\u00e2tre, sculpture sur bois, sculpture sur pierre), ce qui explique en grande partie le fait que Soucy parvint \u00e0 passer sans heurts la p\u00e9riode de la Grande D\u00e9pression. Sa client\u00e8le \u00e9tait vari\u00e9e\u00a0: par exemple, il dirige pendant cinq ans la r\u00e9alisation de plusieurs sculptures sur bois pour la Chambre des communes. Il am\u00e9nage \u00e9galement de somptueuses r\u00e9sidences dont celle de Samuel Bronfman. Toutefois, son champ de pr\u00e9dilection fut certainement la d\u00e9coration de lieux religieux. Il a d\u00e9cor\u00e9, entre autres, l\u2019int\u00e9rieur des \u00e9glises St. Paul et St. Andrew \u00e0 Montr\u00e9al. En 1923, il passe deux ans en France pour r\u00e9aliser son \u0153uvre principale\u00a0: le Monument \u00e0 Mgr Lafl\u00e8che, destin\u00e9 \u00e0 la Cath\u00e9drale de Trois-Rivi\u00e8res. On lui doit \u00e9galement la statue de Pierre Lemoyne d\u2019Iberville qui se trouve devant le parlement \u00e0 Qu\u00e9bec.<\/p>\n<figure id=\"attachment_7451\" aria-describedby=\"caption-attachment-7451\" style=\"width: 507px\" class=\"wp-caption aligncenter\"><img fetchpriority=\"high\" decoding=\"async\" class=\"wp-image-7451\" src=\"https:\/\/histoiredemaska.com\/wp-content\/uploads\/2025\/09\/Photo58-5-saints-gauche-maitre-autel-CH719-300x223.jpg\" alt=\"\" width=\"507\" height=\"377\" srcset=\"https:\/\/histoiredemaska.com\/wp-content\/uploads\/2025\/09\/Photo58-5-saints-gauche-maitre-autel-CH719-300x223.jpg 300w, https:\/\/histoiredemaska.com\/wp-content\/uploads\/2025\/09\/Photo58-5-saints-gauche-maitre-autel-CH719-1024x762.jpg 1024w, https:\/\/histoiredemaska.com\/wp-content\/uploads\/2025\/09\/Photo58-5-saints-gauche-maitre-autel-CH719-768x571.jpg 768w, https:\/\/histoiredemaska.com\/wp-content\/uploads\/2025\/09\/Photo58-5-saints-gauche-maitre-autel-CH719-1536x1143.jpg 1536w, https:\/\/histoiredemaska.com\/wp-content\/uploads\/2025\/09\/Photo58-5-saints-gauche-maitre-autel-CH719-2048x1524.jpg 2048w, https:\/\/histoiredemaska.com\/wp-content\/uploads\/2025\/09\/Photo58-5-saints-gauche-maitre-autel-CH719-600x446.jpg 600w\" sizes=\"(max-width: 507px) 100vw, 507px\" \/><figcaption id=\"caption-attachment-7451\" class=\"wp-caption-text\">Statues de Saints se trouvant sur le Maitre-Autel de la Chapelle du S\u00e9minaire de Saint-Hyacinthe. Centre d&#8217;histoire de Saint-Hyacinthe, Fonds 719 Pierre Pinard, photographe<\/figcaption><\/figure>\n<p>Saint-Hyacinthe poss\u00e8de quelques \u0153uvres int\u00e9ressantes de ce grand sculpteur. En 1937, les Anciens du S\u00e9minaire offrent \u00e0 leur Alma mater un maitre-autel en m\u00e9moire de l\u2019ancien sup\u00e9rieur de l\u2019institution, le chanoine L\u00e9on Pratte, d\u00e9c\u00e9d\u00e9 en 1930. De son vivant, cet homme avait acquis une r\u00e9putation de saintet\u00e9. C\u2019est le chanoine Pratte qui avait ordonn\u00e9 la construction de la magnifique chapelle n\u00e9o-gothique qui est une r\u00e9plique de la cath\u00e9drale d\u2019Amiens. Le maitre-autel, appel\u00e9 M\u00e9mento Pratte, est dessin\u00e9 par l\u2019architecte Ren\u00e9 Richer, celui-l\u00e0 m\u00eame qui a dessin\u00e9 les plans de la chapelle. On demande \u00e0 Elz\u00e9ar Soucy de sculpter 16 statuettes \u00e0 l\u2019effigie de saints qui sont dispos\u00e9es de part et d\u2019autre du tabernacle. Il sculpte \u00e9galement les deux hauts-reliefs qui ornent chaque c\u00f4t\u00e9 du maitre-autel, l\u2019un illustrant le sacrifice d\u2019Isaac et l\u2019autre le meurtre d\u2019Abel par son fr\u00e8re Ca\u00efn.<\/p>\n<p>La m\u00eame ann\u00e9e, il remplit une autre commande, toujours pour la chapelle. Quatre communaut\u00e9s religieuses masculines (les B\u00e9n\u00e9dictins, les Franciscains, les J\u00e9suites et les Dominicains) lui demandent une statue de leur fondateur\u00a0qu\u2019ils offrent au S\u00e9minaire en reconnaissance des nombreuses vocations que l\u2019institution a fait naitre. Les quatre statues se trouvent dans les transepts. Dans la nef, on peut \u00e9galement admirer une Vierge \u00e0 l\u2019enfant, \u0153uvre de Soucy, offerte par la succession de Madame F\u00e9licie Dansereau, \u00e0 sa m\u00e9moire et \u00e0 celle de son \u00e9poux, Fran\u00e7ois Desrosiers.<\/p>\n<figure id=\"attachment_7453\" aria-describedby=\"caption-attachment-7453\" style=\"width: 490px\" class=\"wp-caption aligncenter\"><img decoding=\"async\" class=\"wp-image-7453\" src=\"https:\/\/histoiredemaska.com\/wp-content\/uploads\/2025\/09\/CH366_Plaque-Leon-Ringuet_1998-300x193.jpg\" alt=\"\" width=\"490\" height=\"315\" srcset=\"https:\/\/histoiredemaska.com\/wp-content\/uploads\/2025\/09\/CH366_Plaque-Leon-Ringuet_1998-300x193.jpg 300w, https:\/\/histoiredemaska.com\/wp-content\/uploads\/2025\/09\/CH366_Plaque-Leon-Ringuet_1998-1024x658.jpg 1024w, https:\/\/histoiredemaska.com\/wp-content\/uploads\/2025\/09\/CH366_Plaque-Leon-Ringuet_1998-768x494.jpg 768w, https:\/\/histoiredemaska.com\/wp-content\/uploads\/2025\/09\/CH366_Plaque-Leon-Ringuet_1998-1536x988.jpg 1536w, https:\/\/histoiredemaska.com\/wp-content\/uploads\/2025\/09\/CH366_Plaque-Leon-Ringuet_1998-2048x1317.jpg 2048w, https:\/\/histoiredemaska.com\/wp-content\/uploads\/2025\/09\/CH366_Plaque-Leon-Ringuet_1998-600x386.jpg 600w\" sizes=\"(max-width: 490px) 100vw, 490px\" \/><figcaption id=\"caption-attachment-7453\" class=\"wp-caption-text\">Plaque en hommage \u00e0 L\u00e9on Ringuet, oeuvre d&#8217;Elz\u00e9ar Soucy. Centre d&#8217;histoire de Saint-Hyacinthe, Fonds CH366 Jacques Fiset<\/figcaption><\/figure>\n<p>En 1941, la Ville de Saint-Hyacinthe d\u00e9cide de rendre hommage \u00e0 L\u00e9on Ringuet, celui que l\u2019on a surnomm\u00e9 le P\u00e8re de la musique \u00e0 Saint-Hyacinthe. Ringuet a dirig\u00e9 l\u2019orchestre philarmonique de Saint-Hyacinthe pendant plus de cinquante ans. La Ville demande \u00e0 Elz\u00e9ar Soucy de r\u00e9aliser une plaque comm\u00e9morative \u00e0 l\u2019effigie du chef d\u2019orchestre. Elle est toujours en place aujourd\u2019hui, juste en face du parc Dessaulles, \u00e0 l\u2019endroit m\u00eame o\u00f9 Ringuet a dirig\u00e9 la philarmonique pendant plusieurs ann\u00e9es. Le d\u00e9voilement de la plaque a lieu, en la pr\u00e9sence d\u2019Elz\u00e9ar Soucy, le 21 septembre.<\/p>\n<p>Soucy est d\u00e9c\u00e9d\u00e9 \u00e0 Montr\u00e9al en f\u00e9vrier 1970, \u00e0 l\u2019\u00e2ge de 93 ans.<\/p>\n<p>Cet article de Martin Ostiguy a paru dans la chronique\u00a0<em>Histoire d&#8217;ici\u00a0<\/em>du\u00a0<em>Courrier de Saint-Hyacinthe<\/em> le 27 mars 2025.<\/p>\n","protected":false},"featured_media":7445,"template":"","auteur":[],"categorie-dhistoire":[],"class_list":["post-7444","histoire","type-histoire","status-publish","has-post-thumbnail","hentry"],"acf":[],"_links":{"self":[{"href":"https:\/\/histoiredemaska.com\/en\/wp-json\/wp\/v2\/histoire\/7444","targetHints":{"allow":["GET"]}}],"collection":[{"href":"https:\/\/histoiredemaska.com\/en\/wp-json\/wp\/v2\/histoire"}],"about":[{"href":"https:\/\/histoiredemaska.com\/en\/wp-json\/wp\/v2\/types\/histoire"}],"version-history":[{"count":2,"href":"https:\/\/histoiredemaska.com\/en\/wp-json\/wp\/v2\/histoire\/7444\/revisions"}],"predecessor-version":[{"id":7455,"href":"https:\/\/histoiredemaska.com\/en\/wp-json\/wp\/v2\/histoire\/7444\/revisions\/7455"}],"wp:featuredmedia":[{"embeddable":true,"href":"https:\/\/histoiredemaska.com\/en\/wp-json\/wp\/v2\/media\/7445"}],"wp:attachment":[{"href":"https:\/\/histoiredemaska.com\/en\/wp-json\/wp\/v2\/media?parent=7444"}],"wp:term":[{"taxonomy":"auteur","embeddable":true,"href":"https:\/\/histoiredemaska.com\/en\/wp-json\/wp\/v2\/auteur?post=7444"},{"taxonomy":"categorie-dhistoire","embeddable":true,"href":"https:\/\/histoiredemaska.com\/en\/wp-json\/wp\/v2\/categorie-dhistoire?post=7444"}],"curies":[{"name":"wp","href":"https:\/\/api.w.org\/{rel}","templated":true}]}}