{"id":7548,"date":"2025-10-02T16:46:29","date_gmt":"2025-10-02T20:46:29","guid":{"rendered":"https:\/\/histoiredemaska.com\/?post_type=histoire&#038;p=7548"},"modified":"2025-10-02T16:52:30","modified_gmt":"2025-10-02T20:52:30","slug":"jean-morissette-un-important-organiste-maskoutain","status":"publish","type":"histoire","link":"https:\/\/histoiredemaska.com\/en\/histoire\/jean-morissette-un-important-organiste-maskoutain\/","title":{"rendered":"Jean Morissette, un important organiste maskoutain"},"content":{"rendered":"<p>Jean Morissette est n\u00e9 \u00e0 Saint-Hyacinthe le 12 mai 1943. D\u00e8s son jeune \u00e2ge, il est s\u00e9duit par l\u2019audition \u00e0 la radio de\u00a0 <em>L\u2019Automne<\/em> (extrait des S<em>aisons<\/em> de Glazounov), l&#8217;indicatif\u00a0 musical du roman radiophonique \u00a0<em>Un homme et son p\u00e9ch\u00e9<\/em>\u00a0 de Claude -Henri Grignon.<\/p>\n<p>Ses premi\u00e8res notions musicales lui furent inculqu\u00e9es d\u00e8s 1955 lors de ses \u00e9tudes au juv\u00e9nat des Fr\u00e8res du Sacr\u00e9-C\u0153ur \u00e0 Granby, puis \u00e0 Saint-Anicet. Jean nous raconte : \u00ab\u00a0 Roland Germain ( qui portait alors le nom de Fr\u00e8re N\u00e9ri), fut mon professeur de piano de 1956 \u00e0 1957. J\u2019avais alors treize ans.\u00a0 Fr\u00e8re N\u00e9ri \u00e9tait organiste et ma\u00eetre de chapelle au Mont Sacr\u00e9-C\u0153ur \u00e0 Granby. C\u2019est lui, qui, dans mon adolescence, m\u2019a procur\u00e9 mes plus grandes \u00e9motions musicales. Lors des grandes f\u00eates, nous interpr\u00e9tions, une centaine de voix d\u2019enfants s\u2019ajoutant \u00e0 une quarantaine de voix d\u2019hommes, des \u0153uvres vocales telles : <em>l\u2019Alleluia<\/em> de Handel, le <em>Psaume CL<\/em> de C\u00e9sar Franck.\u00a0\u00bb<\/p>\n<p>En 1961, Jean Morissette acc\u00e8de au poste d\u2019organiste \u00e0 la paroisse Saint-Joseph de Saint-Hyacinthe. L\u2019\u00e9glise est \u00a0pourvue d\u2019un Casavant 1951 de dix-huit jeux r\u00e9partis sur deux claviers\u00a0 et p\u00e9dalier. C\u2019est l\u00e0 qu\u2019il b\u00e9n\u00e9ficie des cours priv\u00e9s de l\u2019organiste maskoutain\u00a0 Gaston Arel ( fr\u00e8re de la p\u00e9dagogue Madeleine Arel et du photographe Marcel Arel). Cependant, ce n\u2019est qu\u2019en 1966 que Jean s\u2019inscrit au\u00a0 Conservatoire de musique de Montr\u00e9al. Gaston Arel lui enseigne\u00a0 non seulement l\u2019orgue mais aussi l\u2019harmonie. Isabelle Delorme l\u2019initie \u00e0 l\u2019art du contrepoint et Fran\u00e7oise Aubut \u00e0 la fugue. Jean remportera plusieurs prix tant pour son jeu sur l\u2019instrument que pour la composition. Il est important de mentionner qu\u2019\u00e0 cette \u00e9poque, cet enseignement est gratuit. D\u00e9j\u00e0 f\u00e9ru d\u2019orgue, Jean a eu la bonne id\u00e9e en 1968 de commander au facteur d\u2019orgue Guy Th\u00e9rien un instrument de travail \u00e0 traction m\u00e9canique de trois jeux r\u00e9partis sur deux claviers et p\u00e9dalier.<\/p>\n<figure id=\"attachment_7558\" aria-describedby=\"caption-attachment-7558\" style=\"width: 455px\" class=\"wp-caption aligncenter\"><img fetchpriority=\"high\" decoding=\"async\" class=\"wp-image-7558\" src=\"https:\/\/histoiredemaska.com\/wp-content\/uploads\/2025\/10\/CH380-Photo-article-pro-organo-1-2-199x300.jpg\" alt=\"\" width=\"455\" height=\"686\" srcset=\"https:\/\/histoiredemaska.com\/wp-content\/uploads\/2025\/10\/CH380-Photo-article-pro-organo-1-2-199x300.jpg 199w, https:\/\/histoiredemaska.com\/wp-content\/uploads\/2025\/10\/CH380-Photo-article-pro-organo-1-2-680x1024.jpg 680w, https:\/\/histoiredemaska.com\/wp-content\/uploads\/2025\/10\/CH380-Photo-article-pro-organo-1-2-768x1156.jpg 768w, https:\/\/histoiredemaska.com\/wp-content\/uploads\/2025\/10\/CH380-Photo-article-pro-organo-1-2-1020x1536.jpg 1020w, https:\/\/histoiredemaska.com\/wp-content\/uploads\/2025\/10\/CH380-Photo-article-pro-organo-1-2-1360x2048.jpg 1360w, https:\/\/histoiredemaska.com\/wp-content\/uploads\/2025\/10\/CH380-Photo-article-pro-organo-1-2-600x903.jpg 600w, https:\/\/histoiredemaska.com\/wp-content\/uploads\/2025\/10\/CH380-Photo-article-pro-organo-1-2-scaled.jpg 1700w\" sizes=\"(max-width: 455px) 100vw, 455px\" \/><figcaption id=\"caption-attachment-7558\" class=\"wp-caption-text\">Jean Morissette. Centre d&#8217;histoire de Saint-Hyacinthe, Fonds CH380 Courrier de Saint-Hyacinthe.<\/figcaption><\/figure>\n<p>&nbsp;<\/p>\n<p>En parall\u00e8le avec ses \u00e9tudes musicales, Jean devient, de 1965 \u00e0 1975, souscripteur d\u2019assurances au Groupe Commerce.\u00a0 C\u2019est alors qu\u2019il\u00a0 a suivi des cours d\u2019assurance avec l\u2019Institut d\u2019Assurance du Canada afin d\u2019obtenir le titre de \u00ab a.i.c. \u00bb. Apr\u00e8s des \u00e9tudes au CEGEP de Saint-Hyacinthe,\u00a0 il devient courtier d\u2019assurance. Par la suite, il acc\u00e8de aux cabinets de courtiers en tant que pr\u00e9pos\u00e9 aux placements des risques avec les compagnies d\u2019assurance.<\/p>\n<p>L e 22 d\u00e9cembre 1973, Jean Morissette \u00e9pouse Micheline Gauthier de Trois-Rivi\u00e8res. \u00c0 l\u2019occasion de ce mariage,\u00a0 Bernard Pich\u00e9 touche l\u2019orgue de l\u2019\u00e9glise Saint-Jean-de-Br\u00e9beuf. Micheline s\u2019\u00e9tant inscrite au Conservatoire de Trois-Rivi\u00e8res depuis 1964,\u00a0 a pu b\u00e9n\u00e9ficier,\u00a0 elle aussi gratuitement, des cours de piano de Czeslaw Kacynski de 1964 \u00e0 1966 et des cours d\u2019orgue de Bernard Pich\u00e9 de 1966 \u00e0 1972.\u00a0 Micheline suit parall\u00e8lement des \u00e9tudes \u00a0menant au baccalaur\u00e9at en p\u00e9dagogie \u00e9tant donn\u00e9 qu\u2019elle se destine \u00e0 l\u2019enseignement. Afin de travailler son instrument plus facilement, cette musicienne a eu la bonne id\u00e9e, aussi \u00a0en 1968, de se procurer un orgue \u00e0\u00a0 traction m\u00e9canique de six jeux r\u00e9partis sur deux claviers et p\u00e9dalier\u00a0 chez le facteur Karl Wilhelm. Elle fut conseill\u00e9e \u00e0 cet \u00e9gard par l\u2019organiste\u00a0 Gaston Arel, alors professeur de mati\u00e8res th\u00e9oriques\u00a0 au Conservatoire de Trois-Rivi\u00e8res. Au cours de ces ann\u00e9es, Micheline a pu \u00a0participer \u00e0 un voyage organis\u00e9 par les Jeunesses musicales\u00a0 du Canada sous la direction de Gilles Lefebvre. Elle a donc pu entendre presque\u00a0 quotidiennement et ce pendant sept semaines, des concerts dans\u00a0 les grandes villes europ\u00e9ennes \u00a0telles Paris, Vichy, Gen\u00e8ve,\u00a0 Augsburg. Elle en garde \u00a0un\u00a0 souvenir tr\u00e8s vivace.<\/p>\n<p><strong>Par:\u00a0<\/strong>Michelle Quintal<\/p>\n","protected":false},"featured_media":7554,"template":"","auteur":[],"categorie-dhistoire":[],"class_list":["post-7548","histoire","type-histoire","status-publish","has-post-thumbnail","hentry"],"acf":[],"_links":{"self":[{"href":"https:\/\/histoiredemaska.com\/en\/wp-json\/wp\/v2\/histoire\/7548","targetHints":{"allow":["GET"]}}],"collection":[{"href":"https:\/\/histoiredemaska.com\/en\/wp-json\/wp\/v2\/histoire"}],"about":[{"href":"https:\/\/histoiredemaska.com\/en\/wp-json\/wp\/v2\/types\/histoire"}],"version-history":[{"count":3,"href":"https:\/\/histoiredemaska.com\/en\/wp-json\/wp\/v2\/histoire\/7548\/revisions"}],"predecessor-version":[{"id":7561,"href":"https:\/\/histoiredemaska.com\/en\/wp-json\/wp\/v2\/histoire\/7548\/revisions\/7561"}],"wp:featuredmedia":[{"embeddable":true,"href":"https:\/\/histoiredemaska.com\/en\/wp-json\/wp\/v2\/media\/7554"}],"wp:attachment":[{"href":"https:\/\/histoiredemaska.com\/en\/wp-json\/wp\/v2\/media?parent=7548"}],"wp:term":[{"taxonomy":"auteur","embeddable":true,"href":"https:\/\/histoiredemaska.com\/en\/wp-json\/wp\/v2\/auteur?post=7548"},{"taxonomy":"categorie-dhistoire","embeddable":true,"href":"https:\/\/histoiredemaska.com\/en\/wp-json\/wp\/v2\/categorie-dhistoire?post=7548"}],"curies":[{"name":"wp","href":"https:\/\/api.w.org\/{rel}","templated":true}]}}