{"id":7576,"date":"2025-10-06T14:26:49","date_gmt":"2025-10-06T18:26:49","guid":{"rendered":"https:\/\/histoiredemaska.com\/?post_type=histoire&#038;p=7576"},"modified":"2025-10-06T14:28:40","modified_gmt":"2025-10-06T18:28:40","slug":"pro-organo-saint-hyacinthe","status":"publish","type":"histoire","link":"https:\/\/histoiredemaska.com\/en\/histoire\/pro-organo-saint-hyacinthe\/","title":{"rendered":"Pro Organo Saint-Hyacinthe"},"content":{"rendered":"<p>De 1970 \u00e0 1999, plus de cinquante organistes de g\u00e9n\u00e9rations et d\u2019\u00e9coles diff\u00e9rentes ont pr\u00e9sent\u00e9 plus de cent concerts dans le cadre de <em>Pro Organo<\/em>. Ils \u00e9taient issus non seulement de Saint-Hyacinthe mais aussi de Montr\u00e9al, Qu\u00e9bec, Trois-Rivi\u00e8res, Rivi\u00e8re-du-Loup, Rimouski, Joliette, Drummondville, Cowansville, Saint-Beno\u00eet-du-Lac, Val d\u2019Or et m\u00eame de France. Parmi les organistes ayant eu le privil\u00e8ge de s&#8217;y faire entendre, mentionnons: Gaston Arel,\u00a0 Lucienne L\u2019Heureux-Arel, Pierre-Yves Asselin, Denis B\u00e9dard, Antoine Bouchard, Jean C\u00f4t\u00e9, Philip Crozier, Raymond Daveluy, Jacques Desroches, Sylvie Delorme, H\u00e9l\u00e8ne Dugal, Jacqueline Gagnier, Alain Gagnon, Francis Gagnon, R\u00e9al Gauthier, No\u00eblla Genest, Monique Gendron, Pierre Grandmaison, Christopher Jackson, Andr\u00e9 Laberge, Bernard et Mireille Lagac\u00e9, Jean LeBuis, Aline Letendre, Jean Morissette, H\u00e9l\u00e8ne Panneton, Raymond Perrin, Bernard Pich\u00e9, R\u00e9jean Poirier, Sylvie Poirier, Yves-G. Pr\u00e9fontaine, Michelle Quintal, Antoine Reboulot, Denis R\u00e9gnaud, Gilles Rioux, Jacquelin Rochette, Jeanine Spronken, Genevi\u00e8ve Soly et Paul Vigeant.<\/p>\n<p>Mentionnons que lors de leur r\u00e9cital respectif, Raymond Daveluy, Pierre Grandmaison, Antoine Reboulot, et Gilles Rioux ont alors improvis\u00e9. Cela ajoutait une couleur particuli\u00e8re \u00e0 leur prestation. Les duettistes Sylvie Poirier et Philip Crozier ont interpr\u00e9t\u00e9 des oeuvres \u00e0 quatre mains et quatre pieds. Pour leur part, Louise Fortin-Bouchard et Pierre Bouchard ont adjoint leur positif construit par les membres de l\u2019atelier Fernand L\u00e9tourneau au Casavant baroque de l\u2019\u00e9glise Assomption de Notre-Dame. R\u00e9jean Poirier et Yves-G. Pr\u00e9fontaine ont utilis\u00e9 leur clavecin en alternance avec l\u2019orgue. Cet instrument y a \u00e9t\u00e9 pr\u00e9sent\u00e9 la plupart du temps en solo mais il a aussi jou\u00e9 le r\u00f4le d\u2019accompagnateur de diverses chorales tr\u00e8s souvent. Se sont ajout\u00e9s \u00e0 l\u2019orgue des voix solistes, quatuor \u00e0 cordes, quatuor vocal, quatuor de cuivres, trompette, hautbois, fl\u00fbte, violon, violoncelle et saxophone.<\/p>\n<p>De 1985 \u00e0 1994, certains concerts produits par <em>Pro Organo Saint-Hyacinthe<\/em> ont \u00e9t\u00e9 enregistr\u00e9s par la Soci\u00e9t\u00e9 Radio-Canada et ont \u00e9t\u00e9, par la suite diffus\u00e9s aux \u00e9missions <em>Tribune de l\u2019orgue<\/em> et <em>R\u00e9cital d\u2019orgue<\/em>. Ont connu cette mise en lumi\u00e8re, les artistes Pierre Bouchard et Louise Fortin-Bouchard, Philip Crozier, Monique Gendron, Robert Patrick Girard, Jean LeBuis, H\u00e9l\u00e8ne Panneton et Catherine Todorovski.<\/p>\n<figure id=\"attachment_7577\" aria-describedby=\"caption-attachment-7577\" style=\"width: 328px\" class=\"wp-caption aligncenter\"><img fetchpriority=\"high\" decoding=\"async\" class=\"wp-image-7577\" src=\"https:\/\/histoiredemaska.com\/wp-content\/uploads\/2025\/10\/CH380-Photo-article-pro-organo-3-1-193x300.jpg\" alt=\"\" width=\"328\" height=\"510\" srcset=\"https:\/\/histoiredemaska.com\/wp-content\/uploads\/2025\/10\/CH380-Photo-article-pro-organo-3-1-193x300.jpg 193w, https:\/\/histoiredemaska.com\/wp-content\/uploads\/2025\/10\/CH380-Photo-article-pro-organo-3-1-658x1024.jpg 658w, https:\/\/histoiredemaska.com\/wp-content\/uploads\/2025\/10\/CH380-Photo-article-pro-organo-3-1-768x1196.jpg 768w, https:\/\/histoiredemaska.com\/wp-content\/uploads\/2025\/10\/CH380-Photo-article-pro-organo-3-1-986x1536.jpg 986w, https:\/\/histoiredemaska.com\/wp-content\/uploads\/2025\/10\/CH380-Photo-article-pro-organo-3-1-1315x2048.jpg 1315w, https:\/\/histoiredemaska.com\/wp-content\/uploads\/2025\/10\/CH380-Photo-article-pro-organo-3-1-600x934.jpg 600w, https:\/\/histoiredemaska.com\/wp-content\/uploads\/2025\/10\/CH380-Photo-article-pro-organo-3-1-scaled.jpg 1644w\" sizes=\"(max-width: 328px) 100vw, 328px\" \/><figcaption id=\"caption-attachment-7577\" class=\"wp-caption-text\">Programme d&#8217;un concert Pro Organo. Centre d&#8217;histoire de Saint-Hyacinthe, Fonds CH470 Marie-Paule Collette-Caron.<\/figcaption><\/figure>\n<p>Les auditeurs ont eu l\u2019opportunit\u00e9 d\u2019entendre des instruments vari\u00e9s, tandis que les organistes ont eu la possibilit\u00e9 de s\u2019initier \u00e0 des orgues de diff\u00e9rents types, tels les Casavant de la Cath\u00e9drale, de l\u2019\u00e9glise Notre-Dame-du-Rosaire et de l\u2019\u00e9glise Assomption-de-Notre-Dame. Ils ont aussi eu la permission d\u2019entrer dans certains lieux et d\u2019y d\u00e9couvrir d\u2019autres instruments comme ceux de la chapelle du S\u00e9minaire de Saint-Hyacinthe, de la Maison M\u00e8re des religieuses de La Pr\u00e9sentation de Marie, des S\u0153urs de Saint-Joseph ainsi que du monast\u00e8re des S\u0153urs du Pr\u00e9cieux-Sang.<\/p>\n<p>En 1998, lors du 250<sup>e<\/sup> anniversaire de fondation de la Ville de Saint-Hyacinthe, <em>Pro Organo<\/em> a pr\u00e9sent\u00e9 dans la cath\u00e9drale\u00a0<em>L\u2019Oratorio pour notre temps.<\/em>\u00a0 Cette \u0153uvre \u00e0 grand d\u00e9ploiement de F\u00e9lix Lisiecki a attir\u00e9 700 auditeurs.<\/p>\n<p>Lors de certains concerts, on a rendu hommage aux ma\u00eetres de chapelle ainsi qu\u2019aux organistes liturgiques de la ville. On a aussi soulign\u00e9 le 150<sup>e<\/sup> anniversaire de l\u2019arriv\u00e9e \u00e0 l\u2019H\u00f4tel-Dieu des S\u0153urs de la Charit\u00e9, tout autant que le 200<sup>e<\/sup> anniversaire de fondation des Soeurs de la Pr\u00e9sentation de Marie, \u00a0ainsi que le 111<sup>e<\/sup> anniversaire de la cons\u00e9cration de la chapelle du monast\u00e8re du Pr\u00e9cieux-Sang. Ce dernier \u00a0\u00e9v\u00e9nement tenu en 1999 avait \u00a0r\u00e9uni 243 personnes.<\/p>\n<p>Il n\u2019y a malheureusement pas eu de 30<sup>e<\/sup> saison, le Conseil des arts et des lettres du Qu\u00e9bec qui soutenait cette soci\u00e9t\u00e9, n\u2019ayant pas renouvel\u00e9 sa subvention en l\u2019an 2000.<\/p>\n<p><strong>Par:\u00a0<\/strong>Michelle Quintal<\/p>\n<p>&nbsp;<\/p>\n","protected":false},"featured_media":7581,"template":"","auteur":[],"categorie-dhistoire":[],"class_list":["post-7576","histoire","type-histoire","status-publish","has-post-thumbnail","hentry"],"acf":[],"_links":{"self":[{"href":"https:\/\/histoiredemaska.com\/en\/wp-json\/wp\/v2\/histoire\/7576","targetHints":{"allow":["GET"]}}],"collection":[{"href":"https:\/\/histoiredemaska.com\/en\/wp-json\/wp\/v2\/histoire"}],"about":[{"href":"https:\/\/histoiredemaska.com\/en\/wp-json\/wp\/v2\/types\/histoire"}],"version-history":[{"count":2,"href":"https:\/\/histoiredemaska.com\/en\/wp-json\/wp\/v2\/histoire\/7576\/revisions"}],"predecessor-version":[{"id":7580,"href":"https:\/\/histoiredemaska.com\/en\/wp-json\/wp\/v2\/histoire\/7576\/revisions\/7580"}],"wp:featuredmedia":[{"embeddable":true,"href":"https:\/\/histoiredemaska.com\/en\/wp-json\/wp\/v2\/media\/7581"}],"wp:attachment":[{"href":"https:\/\/histoiredemaska.com\/en\/wp-json\/wp\/v2\/media?parent=7576"}],"wp:term":[{"taxonomy":"auteur","embeddable":true,"href":"https:\/\/histoiredemaska.com\/en\/wp-json\/wp\/v2\/auteur?post=7576"},{"taxonomy":"categorie-dhistoire","embeddable":true,"href":"https:\/\/histoiredemaska.com\/en\/wp-json\/wp\/v2\/categorie-dhistoire?post=7576"}],"curies":[{"name":"wp","href":"https:\/\/api.w.org\/{rel}","templated":true}]}}