{"id":7658,"date":"2025-10-22T13:39:08","date_gmt":"2025-10-22T17:39:08","guid":{"rendered":"https:\/\/histoiredemaska.com\/?post_type=histoire&#038;p=7658"},"modified":"2025-10-22T13:39:08","modified_gmt":"2025-10-22T17:39:08","slug":"denis-bousquet-un-depute-idealiste","status":"publish","type":"histoire","link":"https:\/\/histoiredemaska.com\/en\/histoire\/denis-bousquet-un-depute-idealiste\/","title":{"rendered":"Denis Bousquet, un d\u00e9put\u00e9 id\u00e9aliste!"},"content":{"rendered":"<p>Lors des \u00e9lections provinciales du 5 juin 1966, Denis Bousquet, le candidat de l\u2019Union nationale \u00e0 Saint-Hyacinthe, cr\u00e9e la surprise en remportant le scrutin contre Ren\u00e9 Saint-Pierre, le ministre lib\u00e9ral des Travaux publics. Il s\u2019agit d\u2019une victoire \u00e0 l\u2019arrach\u00e9, Bousquet l\u2019emportant sur Saint-Pierre par une majorit\u00e9 de 30 voix seulement. Ses organisateurs eux-m\u00eames \u00e9taient convaincus que c\u2019\u00e9tait perdu d\u2019avance tant la t\u00e2che \u00e9tait ardue.<\/p>\n<p>Denis Bousquet est n\u00e9 \u00e0 La Pr\u00e9sentation le 9 mars 1928. Il fait son cours classique au S\u00e9minaire de Saint-Hyacinthe. Il \u00e9tudie ensuite l\u2019histoire \u00e0 l\u2019Universit\u00e9 de Montr\u00e9al o\u00f9 il obtient une ma\u00eetrise et un doctorat en histoire politique. Puis, il fait des \u00e9tudes postdoctorales \u00e0 l\u2019Universit\u00e9 Cambridge en Angleterre et \u00e0 l\u2019Universit\u00e9 Concordia \u00e0 New York. Apr\u00e8s ses \u00e9tudes, il sera professeur d\u2019histoire \u00e0 l\u2019Universit\u00e9 d\u2019Ottawa, au Coll\u00e8ge Sainte-Marie \u00e0 Montr\u00e9al, puis au Centre d\u2019\u00e9tudes universitaires de Trois-Rivi\u00e8res. Bousquet est \u00e9lev\u00e9 dans un milieu tr\u00e8s nationaliste. Son implication en politique active n\u2019a qu\u2019un objectif : l\u2019\u00e9mancipation des Canadiens fran\u00e7ais. Il est un ind\u00e9pendantiste convaincu. S\u2019il n\u2019a pas voulu se pr\u00e9senter pour le parti du Rassemblement pour l\u2019ind\u00e9pendance nationale (RIN) de Pierre Bourgault, c\u2019est qu\u2019il croit qu\u2019il faut \u00eatre au Parlement pour faire bouger les choses. Il choisit donc l\u2019Union nationale. Avec Jean-No\u00ebl Tremblay, ministre des Affaires culturelles, et Jean-Guy Cardinal, ministre de l\u2019\u00c9ducation, il fait partie des jeunes d\u00e9put\u00e9s de l\u2019Union nationale, pour la plupart des enseignants, reconnus pour leurs convictions nationalistes.<\/p>\n<figure id=\"attachment_7663\" aria-describedby=\"caption-attachment-7663\" style=\"width: 450px\" class=\"wp-caption aligncenter\"><img fetchpriority=\"high\" decoding=\"async\" class=\"wp-image-7663\" src=\"https:\/\/histoiredemaska.com\/wp-content\/uploads\/2025\/10\/CH380-006-1472A_Jacques-Lafiontaine-Denis-Bousquet-et-Yves-Gabias266-300x264.jpg\" alt=\"\" width=\"450\" height=\"396\" srcset=\"https:\/\/histoiredemaska.com\/wp-content\/uploads\/2025\/10\/CH380-006-1472A_Jacques-Lafiontaine-Denis-Bousquet-et-Yves-Gabias266-300x264.jpg 300w, https:\/\/histoiredemaska.com\/wp-content\/uploads\/2025\/10\/CH380-006-1472A_Jacques-Lafiontaine-Denis-Bousquet-et-Yves-Gabias266-1024x902.jpg 1024w, https:\/\/histoiredemaska.com\/wp-content\/uploads\/2025\/10\/CH380-006-1472A_Jacques-Lafiontaine-Denis-Bousquet-et-Yves-Gabias266-768x677.jpg 768w, https:\/\/histoiredemaska.com\/wp-content\/uploads\/2025\/10\/CH380-006-1472A_Jacques-Lafiontaine-Denis-Bousquet-et-Yves-Gabias266-1536x1353.jpg 1536w, https:\/\/histoiredemaska.com\/wp-content\/uploads\/2025\/10\/CH380-006-1472A_Jacques-Lafiontaine-Denis-Bousquet-et-Yves-Gabias266-600x529.jpg 600w, https:\/\/histoiredemaska.com\/wp-content\/uploads\/2025\/10\/CH380-006-1472A_Jacques-Lafiontaine-Denis-Bousquet-et-Yves-Gabias266.jpg 1799w\" sizes=\"(max-width: 450px) 100vw, 450px\" \/><figcaption id=\"caption-attachment-7663\" class=\"wp-caption-text\">Denis Bousquet (\u00e0 droite) avec le maire de Saint-Hyacinthe, Jacques Lafontaine. Centre d&#8217;histoire de Saint-Hyacinthe, Fonds CH380 Le Courrier de Saint-Hyacinthe.<\/figcaption><\/figure>\n<p>D\u2019un temp\u00e9rament bouillant, il indispose souvent le premier ministre Daniel Johnson par ses d\u00e9clarations \u00e0 l\u2019emporte pi\u00e8ce. Par exemple, lors de son premier discours \u00e0 l\u2019Assembl\u00e9e nationale, au lieu des civilit\u00e9s d\u2019usage, il parle de l\u2019humiliation qu\u2019il ressent \u00e0 parler dans une enceinte remplie de si nombreux symboles de l\u2019imp\u00e9rialisme britannique. Pour lui, la constitution est la grande charte du racisme anglo-saxon. Il d\u00e9clare que le gouvernement f\u00e9d\u00e9ral ne recule que devant la force et que ce n\u2019est pas en suppliant que nous obtiendrons justice.<\/p>\n<p>D\u00e9put\u00e9, il se voit forc\u00e9 d\u2019att\u00e9nuer la port\u00e9e de ses affirmations. L\u2019Union nationale est un parti traditionnel qui n\u2019aime pas \u00eatre bouscul\u00e9. Denis Bousquet doit donc mettre de l\u2019eau dans son vin. Par exemple, en 1967, il vote en faveur de la loi 25 de son gouvernement qui met abruptement fin \u00e0 une gr\u00e8ve des enseignants, mais cela lui pose un probl\u00e8me de conscience.<\/p>\n<figure id=\"attachment_7665\" aria-describedby=\"caption-attachment-7665\" style=\"width: 431px\" class=\"wp-caption aligncenter\"><img decoding=\"async\" class=\"wp-image-7665\" src=\"https:\/\/histoiredemaska.com\/wp-content\/uploads\/2025\/10\/Photo-16.5-Johnson-et-Bousquet-campagne-centre-Notre-Dame-CH548-254x300.jpg\" alt=\"\" width=\"431\" height=\"509\" srcset=\"https:\/\/histoiredemaska.com\/wp-content\/uploads\/2025\/10\/Photo-16.5-Johnson-et-Bousquet-campagne-centre-Notre-Dame-CH548-254x300.jpg 254w, https:\/\/histoiredemaska.com\/wp-content\/uploads\/2025\/10\/Photo-16.5-Johnson-et-Bousquet-campagne-centre-Notre-Dame-CH548-768x906.jpg 768w, https:\/\/histoiredemaska.com\/wp-content\/uploads\/2025\/10\/Photo-16.5-Johnson-et-Bousquet-campagne-centre-Notre-Dame-CH548-600x708.jpg 600w, https:\/\/histoiredemaska.com\/wp-content\/uploads\/2025\/10\/Photo-16.5-Johnson-et-Bousquet-campagne-centre-Notre-Dame-CH548.jpg 842w\" sizes=\"(max-width: 431px) 100vw, 431px\" \/><figcaption id=\"caption-attachment-7665\" class=\"wp-caption-text\">Daniel Johnson (\u00e0 gauche) et Denis Bousquet lors de la campagne \u00e9lectorale de 1966. Centre d&#8217;histoire de Saint-Hyacinthe, Fonds CH548 Raymond B\u00e9langer, photographe.<\/figcaption><\/figure>\n<p>Apr\u00e8s la mort de Daniel Johnson en plein mandat, Jean-Jacques Bertrand devient le chef de l\u2019Union nationale et le premier ministre de la province. Lors d\u2019un congr\u00e8s du parti le 21 juin 1969, le ministre de l\u2019\u00c9ducation, Jean-Guy Cardinal, d\u00e9fie le leadership de Bertrand, ce qui arrive plut\u00f4t rarement en politique. De fa\u00e7on surprenante, bien que Bousquet partage en majorit\u00e9 les points de vue de Cardinal, il donne son appui \u00e0 Bertrand. De son propre aveu, il esp\u00e9rait grandement devenir ministre et croyait que son appui au premier ministre le placerait dans ses bonnes gr\u00e2ces.<\/p>\n<p>Aux \u00e9lections de 1970, il est emport\u00e9 par la vague lib\u00e9rale qui place Robert Bourassa au pouvoir. Apr\u00e8s la d\u00e9faite, il conna\u00eet des ann\u00e9es plus difficiles. Il travaille pour un court laps de temps comme animateur \u00e0 CKVL avant de travailler aux Archives nationales \u00e0 Montr\u00e9al, puis \u00e0 l\u2019Assembl\u00e9e nationale o\u00f9 il est agent de recherche et de planification. Atteint d\u2019une tumeur au cerveau, il est op\u00e9r\u00e9, mais l\u2019intervention tourne mal et il paralyse. Il passera les dix derni\u00e8res ann\u00e9es de sa vie dans un centre hospitalier \u00e0 Qu\u00e9bec o\u00f9 il d\u00e9c\u00e8de le 1er juillet 1997.<\/p>\n<p><strong>Par:\u00a0<\/strong>Martin Ostiguy<\/p>\n","protected":false},"featured_media":7660,"template":"","auteur":[56],"categorie-dhistoire":[66],"class_list":["post-7658","histoire","type-histoire","status-publish","has-post-thumbnail","hentry","auteur-martin-ostiguy","categorie-dhistoire-politique"],"acf":[],"_links":{"self":[{"href":"https:\/\/histoiredemaska.com\/en\/wp-json\/wp\/v2\/histoire\/7658","targetHints":{"allow":["GET"]}}],"collection":[{"href":"https:\/\/histoiredemaska.com\/en\/wp-json\/wp\/v2\/histoire"}],"about":[{"href":"https:\/\/histoiredemaska.com\/en\/wp-json\/wp\/v2\/types\/histoire"}],"version-history":[{"count":4,"href":"https:\/\/histoiredemaska.com\/en\/wp-json\/wp\/v2\/histoire\/7658\/revisions"}],"predecessor-version":[{"id":7668,"href":"https:\/\/histoiredemaska.com\/en\/wp-json\/wp\/v2\/histoire\/7658\/revisions\/7668"}],"wp:featuredmedia":[{"embeddable":true,"href":"https:\/\/histoiredemaska.com\/en\/wp-json\/wp\/v2\/media\/7660"}],"wp:attachment":[{"href":"https:\/\/histoiredemaska.com\/en\/wp-json\/wp\/v2\/media?parent=7658"}],"wp:term":[{"taxonomy":"auteur","embeddable":true,"href":"https:\/\/histoiredemaska.com\/en\/wp-json\/wp\/v2\/auteur?post=7658"},{"taxonomy":"categorie-dhistoire","embeddable":true,"href":"https:\/\/histoiredemaska.com\/en\/wp-json\/wp\/v2\/categorie-dhistoire?post=7658"}],"curies":[{"name":"wp","href":"https:\/\/api.w.org\/{rel}","templated":true}]}}