{"id":7700,"date":"2025-11-04T08:27:47","date_gmt":"2025-11-04T13:27:47","guid":{"rendered":"https:\/\/histoiredemaska.com\/?post_type=histoire&#038;p=7700"},"modified":"2025-11-04T08:27:47","modified_gmt":"2025-11-04T13:27:47","slug":"le-pere-gerard-perreault-tue-en-ouganda","status":"publish","type":"histoire","link":"https:\/\/histoiredemaska.com\/en\/histoire\/le-pere-gerard-perreault-tue-en-ouganda\/","title":{"rendered":"Le P\u00e8re G\u00e9rard Perreault tu\u00e9 en Ouganda"},"content":{"rendered":"<p>Le 25 janvier 1971, quatre P\u00e8res Blancs d\u2019Afrique dont trois canadiens sont victimes d\u2019une fusillade survenue \u00e0 l\u2019a\u00e9roport d\u2019Entebbe en Ouganda. Deux d\u2019entre eux, les P\u00e8res G\u00e9rard Perreault et Jean-Paul Demers, du Qu\u00e9bec, ont succomb\u00e9 \u00e0 leurs blessures tandis que le P\u00e8re Adrian Farmer, de l\u2019Ontario, a surv\u00e9cu. Dans cet article, nous nous int\u00e9resserons davantage au P\u00e8re Perreault, natif de la r\u00e9gion.<\/p>\n<p>G\u00e9rard Perreault est n\u00e9 le 22 mars 1915 \u00e0 Saint-Jude. Il est le fils d\u2019Alphonse Perreault, cultivateur et de Clara Delorme. Il a \u00e9t\u00e9 baptis\u00e9 par le cur\u00e9 Elph\u00e8ge Filiatrault, consid\u00e9r\u00e9 comme le cr\u00e9ateur du Carillon moderne, l\u2019anc\u00eatre du drapeau qu\u00e9b\u00e9cois. Il vient d\u2019une famille de quinze enfants dont dix appartiendront \u00e0 des communaut\u00e9s religieuses.<\/p>\n<p>G\u00e9rard fait ses \u00e9tudes au S\u00e9minaire de Saint-Hyacinthe entre 1931 et 1937. Il devient membre de la Soci\u00e9t\u00e9 des P\u00e8res Blancs et est ordonn\u00e9 pr\u00eatre \u00e0 Ottawa en 1942. Il dit sa premi\u00e8re grand\u2019messe solennelle dans l\u2019\u00e9glise de Saint-Jude, dimanche le 28 juin 1942. Il s\u2019installe alors au monast\u00e8re de Montr\u00e9al. Deux ans plus tard, il quitte le Qu\u00e9bec pour se rendre \u00e0 Alger. L\u2019\u00e9dition du <em>Courrier<\/em> du 2 juin 1944 souligne le d\u00e9part du jeune pr\u00eatre pour les contr\u00e9es lointaines de l\u2019Afrique.<\/p>\n<figure id=\"attachment_7705\" aria-describedby=\"caption-attachment-7705\" style=\"width: 370px\" class=\"wp-caption aligncenter\"><img fetchpriority=\"high\" decoding=\"async\" class=\"wp-image-7705\" src=\"https:\/\/histoiredemaska.com\/wp-content\/uploads\/2025\/11\/CH292-pere-Gerard-Perreault-190x300.jpg\" alt=\"\" width=\"370\" height=\"584\" srcset=\"https:\/\/histoiredemaska.com\/wp-content\/uploads\/2025\/11\/CH292-pere-Gerard-Perreault-190x300.jpg 190w, https:\/\/histoiredemaska.com\/wp-content\/uploads\/2025\/11\/CH292-pere-Gerard-Perreault-650x1024.jpg 650w, https:\/\/histoiredemaska.com\/wp-content\/uploads\/2025\/11\/CH292-pere-Gerard-Perreault-768x1210.jpg 768w, https:\/\/histoiredemaska.com\/wp-content\/uploads\/2025\/11\/CH292-pere-Gerard-Perreault-975x1536.jpg 975w, https:\/\/histoiredemaska.com\/wp-content\/uploads\/2025\/11\/CH292-pere-Gerard-Perreault-1300x2048.jpg 1300w, https:\/\/histoiredemaska.com\/wp-content\/uploads\/2025\/11\/CH292-pere-Gerard-Perreault-600x945.jpg 600w, https:\/\/histoiredemaska.com\/wp-content\/uploads\/2025\/11\/CH292-pere-Gerard-Perreault-scaled.jpg 1625w\" sizes=\"(max-width: 370px) 100vw, 370px\" \/><figcaption id=\"caption-attachment-7705\" class=\"wp-caption-text\">Le P\u00e8re G\u00e9rard Perreault. Centre d&#8217;histoire de Saint-Hyacinthe, Fonds CH001 S\u00e9minaire de Saint-Hyacinthe.<\/figcaption><\/figure>\n<p>D\u2019Alger, le P\u00e8re Perreault se rend en Ouganda o\u00f9 se d\u00e9roulera toute sa carri\u00e8re eccl\u00e9siastique. Les P\u00e8res Blancs d\u2019Afrique comptent une centaine de missionnaires en Ouganda. Ils s\u2019occupent d\u2019\u00e9vang\u00e9lisation et d\u2019\u00e9ducation. Ils dirigent le petit et le grand s\u00e9minaire de Kampala, deux institutions qui favorisent la formation de pr\u00eatres africains qui auront la mission d\u2019assurer la rel\u00e8ve pastorale dans leur pays. En Ouganda, les P\u00e8res Blancs sont sous la responsabilit\u00e9 de l\u2019archev\u00eaque de Kampala, Louis-Joseph Cabana, natif de Granby. En 1955, les deux hommes quittent l\u2019Afrique pour venir se reposer quelques mois au Qu\u00e9bec, apr\u00e8s quoi ils retournent en Ouganda.<\/p>\n<p>Le 25 janvier 1971, comme il le faisait souvent, le P\u00e8re Perreault se rend \u00e0 l\u2019A\u00e9roport d\u2019Entebbe pour aller chercher ou reconduire des confr\u00e8res. Malheureusement, cette journ\u00e9e marquera l\u2019histoire du monde \u00e0 cause de la prise du pouvoir par Idi Amin Dada, consid\u00e9r\u00e9 comme l\u2019un des dictateurs les plus sanguinaires de l\u2019histoire de l\u2019Afrique. Amin Dada, g\u00e9n\u00e9ral en chef de l\u2019arm\u00e9e ougandaise, profite que le pr\u00e9sident Milton Obote soit en voyage \u00e0 Singapour \u00e0 la r\u00e9union des chefs de gouvernement du Commonwealth, pour s\u2019emparer du pouvoir.<\/p>\n<p>Amin Dada et le pr\u00e9sident Obote ne s\u2019entendaient plus depuis longtemps. Amin Dada n\u2019appr\u00e9ciait pas le mouvement de plus en plus marqu\u00e9 du gouvernement vers la gauche et le socialisme. De plus, Obote \u00e9tait partisan d\u2019une politique nationaliste africaine, d\u00e9sirant couper les ponts avec le gouvernement britannique, ce qui d\u00e9plaisait \u00e0 Amin Dada. Mais plus que ces facteurs, ce qui d\u00e9cide le g\u00e9n\u00e9ral \u00e0 agir en ce 25 janvier 1971, c\u2019est qu\u2019il vient d\u2019apprendre que le pr\u00e9sident Obote a l\u2019intention de l\u2019arr\u00eater pour d\u00e9tournement des fonds de l\u2019arm\u00e9e d\u00e8s son retour de Singapour. L\u2019arm\u00e9e s\u2019empare alors du pouvoir et prend d\u2019assaut les endroits n\u00e9vralgiques du pays dont les a\u00e9roports. C\u2019est ainsi que le P\u00e8re Perreault et ses compagnons d\u2019infortune sont pris entre deux feux et re\u00e7oivent une salve de mitraillette.<\/p>\n<p>L\u2019Ouganda d\u00e9plore ces pertes qu\u2019elle juge accidentelles, ce qu\u2019accepte le gouvernement du Canada qui ne veut pas ajouter de l\u2019huile sur le feu alors que la situation est toujours tendue en Ouganda. Les d\u00e9pouilles des P\u00e8res Perreault et Demers ne seront pas rapatri\u00e9es au Canada et leurs s\u00e9pultures se trouvent en Ouganda ou ils ont \u0153uvr\u00e9 durant la majeure partie de leurs vies.<\/p>\n<p><strong>Par:\u00a0<\/strong>Martin Ostiguy<\/p>\n","protected":false},"featured_media":7702,"template":"","auteur":[],"categorie-dhistoire":[],"class_list":["post-7700","histoire","type-histoire","status-publish","has-post-thumbnail","hentry"],"acf":[],"_links":{"self":[{"href":"https:\/\/histoiredemaska.com\/en\/wp-json\/wp\/v2\/histoire\/7700","targetHints":{"allow":["GET"]}}],"collection":[{"href":"https:\/\/histoiredemaska.com\/en\/wp-json\/wp\/v2\/histoire"}],"about":[{"href":"https:\/\/histoiredemaska.com\/en\/wp-json\/wp\/v2\/types\/histoire"}],"version-history":[{"count":2,"href":"https:\/\/histoiredemaska.com\/en\/wp-json\/wp\/v2\/histoire\/7700\/revisions"}],"predecessor-version":[{"id":7707,"href":"https:\/\/histoiredemaska.com\/en\/wp-json\/wp\/v2\/histoire\/7700\/revisions\/7707"}],"wp:featuredmedia":[{"embeddable":true,"href":"https:\/\/histoiredemaska.com\/en\/wp-json\/wp\/v2\/media\/7702"}],"wp:attachment":[{"href":"https:\/\/histoiredemaska.com\/en\/wp-json\/wp\/v2\/media?parent=7700"}],"wp:term":[{"taxonomy":"auteur","embeddable":true,"href":"https:\/\/histoiredemaska.com\/en\/wp-json\/wp\/v2\/auteur?post=7700"},{"taxonomy":"categorie-dhistoire","embeddable":true,"href":"https:\/\/histoiredemaska.com\/en\/wp-json\/wp\/v2\/categorie-dhistoire?post=7700"}],"curies":[{"name":"wp","href":"https:\/\/api.w.org\/{rel}","templated":true}]}}