{"id":8001,"date":"2026-01-14T14:42:36","date_gmt":"2026-01-14T19:42:36","guid":{"rendered":"https:\/\/histoiredemaska.com\/?post_type=histoire&#038;p=8001"},"modified":"2026-01-22T13:36:11","modified_gmt":"2026-01-22T18:36:11","slug":"le-comptoir-st-pie","status":"publish","type":"histoire","link":"https:\/\/histoiredemaska.com\/en\/histoire\/le-comptoir-st-pie\/","title":{"rendered":"Le comptoir St-Pie"},"content":{"rendered":"<p>Le Comptoir St-Pie, un magasin de style 5-10-15\u00a2, \u00e9tait localis\u00e9 au coin Saint-Paul et Sainte-C\u00e9cile. Cet \u00e9difice de briques rouges avec les coins en blocs de brique blanche avait \u00e9t\u00e9 construit pour \u00eatre l\u2019\u00e9cole des gar\u00e7ons, rempla\u00e7ant la vieille \u00e9cole de la rue Notre\u2011Dame.<\/p>\n<p>La cr\u00e9ation du coll\u00e8ge Sacr\u00e9-C\u0153ur de Saint-Pie permet la vente de l\u2019\u00e9difice situ\u00e9 sur la rue Saint-Paul. Voici un r\u00e9sum\u00e9 des \u00e9v\u00e9nements :<\/p>\n<blockquote><p>28 mars 1891 : Les commissaires d\u00e9cr\u00e8tent une taxe sp\u00e9ciale aux fins de la construction de la maison d\u2019\u00e9cole pour gar\u00e7ons dans le dit arrondissement du Village, soit les arrondissements un et deux. Le pr\u00e9lev\u00e9 est de 83 centins par cent piastres sur les 185 150 $ d\u2019\u00e9valuation pour le Village [ces deux arrondissements], un pr\u00e9lev\u00e9 de 1 536,74 $. [Registre commission scolaire]<\/p>\n<p>31 octobre 1912 : Le surintendant de l\u2019Instruction Publique \u00e9met de s\u00e9v\u00e8res r\u00e9primandes concernant l\u2019\u00e9cole des gar\u00e7ons au Village. Il revient \u00e0 la charge le 6 d\u00e9cembre.<\/p>\n<p>22 d\u00e9cembre 1912 : Les marguilliers, anciens et nouveaux et francs-tenanciers, adoptent \u00e0 l\u2019unanimit\u00e9 la concession des terrains de l\u2019ancien cimeti\u00e8re \u00e0 la Commission des \u00c9coles pour la Municipalit\u00e9 du Village de St-Pie. [copie]<\/p>\n<p>19 janvier 1913 : Le chanoine Pierre-Z\u00e9phirin Decelles, cur\u00e9, fait conna\u00eetre aux contribuables de la commission scolaire du village les d\u00e9fectuosit\u00e9s de l\u2019\u00e9cole actuelle des gar\u00e7ons et confirme l\u2019octroi de 6 000 $ de Qu\u00e9bec pour la construction d\u2019une \u00e9cole acad\u00e9mique.<\/p>\n<p>22 avril 1913: La commission scolaire du Village prend possession de l&#8217;ancien cimeti\u00e8re et y \u00e9rige son Acad\u00e9mie. \u00c0 cette \u00e9poque est sign\u00e9e la convention entre la commission scolaire et les Fr\u00e8res du Sacr\u00e9-C\u0153ur, [copie]<\/p><\/blockquote>\n<figure id=\"attachment_8006\" aria-describedby=\"caption-attachment-8006\" style=\"width: 232px\" class=\"wp-caption aligncenter\"><a href=\"https:\/\/histoiredemaska.com\/wp-content\/uploads\/2026\/01\/Photos-avec-logo-portrait.png\"><img fetchpriority=\"high\" decoding=\"async\" class=\"size-medium wp-image-8006\" src=\"https:\/\/histoiredemaska.com\/wp-content\/uploads\/2026\/01\/Photos-avec-logo-portrait-232x300.png\" alt=\"\" width=\"232\" height=\"300\" srcset=\"https:\/\/histoiredemaska.com\/wp-content\/uploads\/2026\/01\/Photos-avec-logo-portrait-232x300.png 232w, https:\/\/histoiredemaska.com\/wp-content\/uploads\/2026\/01\/Photos-avec-logo-portrait-791x1024.png 791w, https:\/\/histoiredemaska.com\/wp-content\/uploads\/2026\/01\/Photos-avec-logo-portrait-768x994.png 768w, https:\/\/histoiredemaska.com\/wp-content\/uploads\/2026\/01\/Photos-avec-logo-portrait-1187x1536.png 1187w, https:\/\/histoiredemaska.com\/wp-content\/uploads\/2026\/01\/Photos-avec-logo-portrait-600x776.png 600w, https:\/\/histoiredemaska.com\/wp-content\/uploads\/2026\/01\/Photos-avec-logo-portrait.png 1545w\" sizes=\"(max-width: 232px) 100vw, 232px\" \/><\/a><figcaption id=\"caption-attachment-8006\" class=\"wp-caption-text\">Coll\u00e8ge des Fr\u00e8res du Sacr\u00e9-Coeur de Saint-Pie, vers 1920. Centre d\u2019histoire de Saint-Hyacinthe, Fonds CH418 Ghyslaine Marion<\/figcaption><\/figure>\n<p>&nbsp;<\/p>\n<p>Suite \u00e0 l\u2019ouverture de cette \u00e9cole acad\u00e9mique en 1914, l\u2019ancienne \u00e9cole est vendue aux descendants Roy.<\/p>\n<p>Quand l\u2019Avent arrivait, alors apparaissaient les marchandises de No\u00ebl!<\/p>\n<p>Les inventaires n\u2019\u00e9tant jamais tr\u00e8s gros \u00e0 l\u2019\u00e9poque, il ne fallait pas trop tarder \u00e0 choisir t\u00f4t ses effets. On ne connaissait encore pas les Vendredis fous, ni les ventes d\u2019Avant No\u00ebl et \u00e0 trop attendre on risquait de se retrouver devant des tablettes vides!<\/p>\n<figure id=\"attachment_8002\" aria-describedby=\"caption-attachment-8002\" style=\"width: 300px\" class=\"wp-caption aligncenter\"><a href=\"https:\/\/histoiredemaska.com\/wp-content\/uploads\/2026\/01\/Comptoir-St-Pie-Publicite-1961.jpg\"><img decoding=\"async\" class=\"size-medium wp-image-8002\" src=\"https:\/\/histoiredemaska.com\/wp-content\/uploads\/2026\/01\/Comptoir-St-Pie-Publicite-1961-300x101.jpg\" alt=\"\" width=\"300\" height=\"101\" srcset=\"https:\/\/histoiredemaska.com\/wp-content\/uploads\/2026\/01\/Comptoir-St-Pie-Publicite-1961-300x101.jpg 300w, https:\/\/histoiredemaska.com\/wp-content\/uploads\/2026\/01\/Comptoir-St-Pie-Publicite-1961-1024x344.jpg 1024w, https:\/\/histoiredemaska.com\/wp-content\/uploads\/2026\/01\/Comptoir-St-Pie-Publicite-1961-768x258.jpg 768w, https:\/\/histoiredemaska.com\/wp-content\/uploads\/2026\/01\/Comptoir-St-Pie-Publicite-1961-1536x516.jpg 1536w, https:\/\/histoiredemaska.com\/wp-content\/uploads\/2026\/01\/Comptoir-St-Pie-Publicite-1961-2048x688.jpg 2048w, https:\/\/histoiredemaska.com\/wp-content\/uploads\/2026\/01\/Comptoir-St-Pie-Publicite-1961-600x202.jpg 600w\" sizes=\"(max-width: 300px) 100vw, 300px\" \/><\/a><figcaption id=\"caption-attachment-8002\" class=\"wp-caption-text\">Publicit\u00e9 parue dans le Programme des F\u00eates de la Chambre de Commerce de St-Pie, 1961<\/figcaption><\/figure>\n<p>Au d\u00e9but des ann\u00e9es 1950, c\u2019est Denis Roy (1915-1992) et son \u00e9pouse Yolande Roberge (1927-1978) qui en sont propri\u00e9taires. Je me souviens aussi du vieux monsieur Albert Labossi\u00e8re (1888-1968), barbier dans une pi\u00e8ce sur le c\u00f4t\u00e9, dans ce magasin, cach\u00e9e par un rideau de toile \u00e9crue. Son \u00e9pouse Alphonsine B\u00e9langer (1889-1985) servait aussi les clients avec son grand tablier qui, je crois \u00e9tais de la m\u00eame couleur que le rideau. Elle devait \u00eatre bien gentille si j\u2019en parle encore.<\/p>\n<p>Avec l\u2019arriv\u00e9e des Centres d\u2019achat et de leur grand pouvoir d\u2019achat, ce genre de petits commerces n\u2019ont su r\u00e9sister, comme il est chant\u00e9 dans la toune <em>La rue Principale<\/em> des Colocs.<\/p>\n<p>On se souviendra aussi, qu\u2019occasionnellement, un logement juxtapos\u00e9 au magasin servait de salon mortuaire, soit pour suppl\u00e9er \u00e0 celui de Napol\u00e9on Desparts, pas loin sur la rue Salaberry, soit pour satisfaire les personnes qui ne voulaient pas lui accorder leur client\u00e8le.<\/p>\n<p>\u00c0 la fermeture de ce commerce, L\u00e9opold Beauregard (1918-1993) acheta l\u2019\u00e9difice et en fit des logements. Un rev\u00eatement stucco recouvrit la brique d\u2019origine et ce n\u2019est que r\u00e9cemment que j\u2019ai remarqu\u00e9 la d\u00e9t\u00e9rioration de celui-ci, preuve que ce fut l\u00e0 un travail bien fait compte tenu de sa longue dur\u00e9e de vie. Si vous passez par l\u00e0, jetez un \u0153il \u00e0 cette belle construction qui a plus de 134 ans!<\/p>\n<figure id=\"attachment_8045\" aria-describedby=\"caption-attachment-8045\" style=\"width: 300px\" class=\"wp-caption aligncenter\"><a href=\"https:\/\/histoiredemaska.com\/wp-content\/uploads\/2026\/01\/Ancien-Comptoir-St-Paul-et-Ste-Cecile-13-01-2026-scaled.jpg\"><img decoding=\"async\" class=\"size-medium wp-image-8045\" src=\"https:\/\/histoiredemaska.com\/wp-content\/uploads\/2026\/01\/Ancien-Comptoir-St-Paul-et-Ste-Cecile-13-01-2026-300x135.jpg\" alt=\"\" width=\"300\" height=\"135\" srcset=\"https:\/\/histoiredemaska.com\/wp-content\/uploads\/2026\/01\/Ancien-Comptoir-St-Paul-et-Ste-Cecile-13-01-2026-300x135.jpg 300w, https:\/\/histoiredemaska.com\/wp-content\/uploads\/2026\/01\/Ancien-Comptoir-St-Paul-et-Ste-Cecile-13-01-2026-1024x461.jpg 1024w, https:\/\/histoiredemaska.com\/wp-content\/uploads\/2026\/01\/Ancien-Comptoir-St-Paul-et-Ste-Cecile-13-01-2026-768x346.jpg 768w, https:\/\/histoiredemaska.com\/wp-content\/uploads\/2026\/01\/Ancien-Comptoir-St-Paul-et-Ste-Cecile-13-01-2026-1536x691.jpg 1536w, https:\/\/histoiredemaska.com\/wp-content\/uploads\/2026\/01\/Ancien-Comptoir-St-Paul-et-Ste-Cecile-13-01-2026-2048x922.jpg 2048w, https:\/\/histoiredemaska.com\/wp-content\/uploads\/2026\/01\/Ancien-Comptoir-St-Paul-et-Ste-Cecile-13-01-2026-600x270.jpg 600w\" sizes=\"(max-width: 300px) 100vw, 300px\" \/><\/a><figcaption id=\"caption-attachment-8045\" class=\"wp-caption-text\">Ancien Comptoir situ\u00e9 \u00e0 l&#8217;angle des rues Saint-Paul et Sainte-C\u00e9cile \u00e0 Saint-Pie, 13 janvier 2026. Photo : Richard St-Pierre<\/figcaption><\/figure>\n<p>D\u2019apr\u00e8s un article de Richard St-Pierre tir\u00e9 de la chronique \u00ab Histoire et patrimoine \u00bb de <em>l\u2019\u00c9cho de ma ville<\/em> (le bulletin municipal de Saint-Pie) paru en d\u00e9cembre 2021.<\/p>\n","protected":false},"featured_media":8004,"template":"","auteur":[131],"categorie-dhistoire":[86],"class_list":["post-8001","histoire","type-histoire","status-publish","has-post-thumbnail","hentry","auteur-richard-saint-pierre","categorie-dhistoire-commerces"],"acf":[],"_links":{"self":[{"href":"https:\/\/histoiredemaska.com\/en\/wp-json\/wp\/v2\/histoire\/8001","targetHints":{"allow":["GET"]}}],"collection":[{"href":"https:\/\/histoiredemaska.com\/en\/wp-json\/wp\/v2\/histoire"}],"about":[{"href":"https:\/\/histoiredemaska.com\/en\/wp-json\/wp\/v2\/types\/histoire"}],"version-history":[{"count":7,"href":"https:\/\/histoiredemaska.com\/en\/wp-json\/wp\/v2\/histoire\/8001\/revisions"}],"predecessor-version":[{"id":8048,"href":"https:\/\/histoiredemaska.com\/en\/wp-json\/wp\/v2\/histoire\/8001\/revisions\/8048"}],"wp:featuredmedia":[{"embeddable":true,"href":"https:\/\/histoiredemaska.com\/en\/wp-json\/wp\/v2\/media\/8004"}],"wp:attachment":[{"href":"https:\/\/histoiredemaska.com\/en\/wp-json\/wp\/v2\/media?parent=8001"}],"wp:term":[{"taxonomy":"auteur","embeddable":true,"href":"https:\/\/histoiredemaska.com\/en\/wp-json\/wp\/v2\/auteur?post=8001"},{"taxonomy":"categorie-dhistoire","embeddable":true,"href":"https:\/\/histoiredemaska.com\/en\/wp-json\/wp\/v2\/categorie-dhistoire?post=8001"}],"curies":[{"name":"wp","href":"https:\/\/api.w.org\/{rel}","templated":true}]}}