{"id":8620,"date":"2026-09-04T10:19:07","date_gmt":"2026-09-04T14:19:07","guid":{"rendered":"https:\/\/histoiredemaska.com\/?post_type=histoire&#038;p=8620"},"modified":"2026-09-04T10:19:07","modified_gmt":"2026-09-04T14:19:07","slug":"anne-marie-matte-desrosiers-la-dame-a-laiguille","status":"publish","type":"histoire","link":"https:\/\/histoiredemaska.com\/en\/histoire\/anne-marie-matte-desrosiers-la-dame-a-laiguille\/","title":{"rendered":"Anne-Marie Matte Desrosiers, la dame \u00e0 l&#8217;aiguille"},"content":{"rendered":"<p>Pour plusieurs, Anne-Marie Matte Desrosiers est l\u2019inventrice de la peinture \u00e0 l\u2019aiguille. Il s\u2019agit en fait d\u2019un art fran\u00e7ais datant du XVe si\u00e8cle, assez peu pratiqu\u00e9 au XXe si\u00e8cle, qu\u2019elle a grandement contribu\u00e9 \u00e0 faire revivre.<\/p>\n<p>Anne-Marie Matte nait \u00e0 Saint-Basile, comt\u00e9 de Port-Neuf, en 1907. Elle est la fille de G\u00e9d\u00e9on Matte, marchand-sellier et d\u2019\u00c9va Collette. Lors de ses \u00e9tudes au couvent Saint-Roch \u00e0 Qu\u00e9bec aupr\u00e8s des Dames de la Congr\u00e9gation, elle apprend le dessin, le pastel et la peinture \u00e0 l\u2019huile. Un jour d\u2019hiver o\u00f9 elle s\u2019ennuie, elle s\u2019amuse \u00e0 broder un dessin que sa s\u0153ur vient de terminer. C\u2019est la r\u00e9v\u00e9lation! Elle a trouv\u00e9 son m\u00e9dium de pr\u00e9dilection!<\/p>\n<p>Elle se met d\u00e8s lors \u00e0 r\u00e9interpr\u00e9ter des tableaux des grands maitres de la peinture en les brodant avec des fils de soie de couleur sur une toile tiss\u00e9e. Elle aime particuli\u00e8rement les \u0153uvres de Cornelius Kriegoff qui mettent en relief les traditions et les m\u0153urs canadiennes-fran\u00e7aises, comme on disait \u00e0 l\u2019\u00e9poque. Bient\u00f4t, elle fait de m\u00eame pour des compositions personnelles montrant des paysages de sa r\u00e9gion et des personnages typiques de sa communaut\u00e9.<\/p>\n<figure id=\"attachment_8624\" aria-describedby=\"caption-attachment-8624\" style=\"width: 512px\" class=\"wp-caption aligncenter\"><a href=\"https:\/\/histoiredemaska.com\/wp-content\/uploads\/2026\/07\/CH380-006-2700B_Centre-demploi-du-Canada-Real-Boileau-Laurent-Nault-directeur-assurance-chomage.png\"><img fetchpriority=\"high\" decoding=\"async\" class=\"wp-image-8624\" src=\"https:\/\/histoiredemaska.com\/wp-content\/uploads\/2026\/07\/CH380-006-2700B_Centre-demploi-du-Canada-Real-Boileau-Laurent-Nault-directeur-assurance-chomage-300x208.png\" alt=\"\" width=\"512\" height=\"355\" srcset=\"https:\/\/histoiredemaska.com\/wp-content\/uploads\/2026\/07\/CH380-006-2700B_Centre-demploi-du-Canada-Real-Boileau-Laurent-Nault-directeur-assurance-chomage-300x208.png 300w, https:\/\/histoiredemaska.com\/wp-content\/uploads\/2026\/07\/CH380-006-2700B_Centre-demploi-du-Canada-Real-Boileau-Laurent-Nault-directeur-assurance-chomage-1024x711.png 1024w, https:\/\/histoiredemaska.com\/wp-content\/uploads\/2026\/07\/CH380-006-2700B_Centre-demploi-du-Canada-Real-Boileau-Laurent-Nault-directeur-assurance-chomage-768x534.png 768w, https:\/\/histoiredemaska.com\/wp-content\/uploads\/2026\/07\/CH380-006-2700B_Centre-demploi-du-Canada-Real-Boileau-Laurent-Nault-directeur-assurance-chomage-1536x1067.png 1536w, https:\/\/histoiredemaska.com\/wp-content\/uploads\/2026\/07\/CH380-006-2700B_Centre-demploi-du-Canada-Real-Boileau-Laurent-Nault-directeur-assurance-chomage-2048x1423.png 2048w, https:\/\/histoiredemaska.com\/wp-content\/uploads\/2026\/07\/CH380-006-2700B_Centre-demploi-du-Canada-Real-Boileau-Laurent-Nault-directeur-assurance-chomage-600x417.png 600w\" sizes=\"(max-width: 512px) 100vw, 512px\" \/><\/a><figcaption id=\"caption-attachment-8624\" class=\"wp-caption-text\">Anne-Marie Matte (au centre) devant l&#8217;une de ses oeuvres. Centre d&#8217;histoire de Saint-Hyacinthe, Fonds CH548 Raymond B\u00e9langer, photographe.<\/figcaption><\/figure>\n<p>Elle obtient bient\u00f4t une grande renomm\u00e9e qui s\u2019\u00e9tend bien au-del\u00e0 de sa r\u00e9gion natale. En 1933, Cyrille Delage, surintendant du D\u00e9partement de l\u2019Instruction Publique d\u00e9couvre l\u2019une de ses \u0153uvres dans une galerie de Qu\u00e9bec. Imm\u00e9diatement s\u00e9duit par le grand talent de la jeune artiste, il lui ouvre plusieurs portes. D\u00e8s la fin des ann\u00e9es 1930, elle participe \u00e0 nombre d\u2019expositions un peu partout dans la province. Le peintre canadien Horatio Walker (1858-1938) a beaucoup aim\u00e9 les \u0153uvres d\u2019Anne-Marie Matte inspir\u00e9es de ses tableaux. Il a, lui aussi, contribu\u00e9 \u00e0 mousser sa notori\u00e9t\u00e9. En 1939, son art fait grand bruit lorsqu\u2019elle participe \u00e0 une vaste exposition artisanale organis\u00e9e sur l\u2019Ile Sainte-H\u00e9l\u00e8ne par L\u00e9on Tr\u00e9panier. En 1940, elle a d\u00e9j\u00e0 une client\u00e8le outre-mer et ses \u0153uvres se vendent tant en France qu\u2019en Angleterre.<\/p>\n<p>En 1942, elle s\u2019installe \u00e0 Saint-Hyacinthe apr\u00e8s avoir \u00e9pous\u00e9 le commer\u00e7ant maskoutain J.-D. Desrosiers. Elle poursuit son impressionnante production, ses \u0153uvres \u00e9tant offertes \u00e0 plusieurs illustres visiteurs \u00e9trangers. Par exemple, lors du passage de la princesse \u00c9lisabeth \u00e0 Saint-Hyacinthe en 1951, on offre \u00e0 la future souveraine une reproduction \u00e0 l\u2019aiguille de la Porte des Maires, monument embl\u00e9matique de la ville. C\u2019est \u00e9galement en 1951 que l\u2019\u00e9pouse du premier ministre canadien Louis Saint-Laurent choisit une toile de la Maskoutaine d\u2019adoption pour offrir au couple pr\u00e9sidentiel fran\u00e7ais, M. et Mme Vincent Auriol!<\/p>\n<figure id=\"attachment_8626\" aria-describedby=\"caption-attachment-8626\" style=\"width: 524px\" class=\"wp-caption aligncenter\"><a href=\"https:\/\/histoiredemaska.com\/wp-content\/uploads\/2026\/07\/les-Vanier.jpg\"><img decoding=\"async\" class=\"wp-image-8626\" src=\"https:\/\/histoiredemaska.com\/wp-content\/uploads\/2026\/07\/les-Vanier-300x208.jpg\" alt=\"\" width=\"524\" height=\"363\" srcset=\"https:\/\/histoiredemaska.com\/wp-content\/uploads\/2026\/07\/les-Vanier-300x208.jpg 300w, https:\/\/histoiredemaska.com\/wp-content\/uploads\/2026\/07\/les-Vanier-1024x711.jpg 1024w, https:\/\/histoiredemaska.com\/wp-content\/uploads\/2026\/07\/les-Vanier-768x534.jpg 768w, https:\/\/histoiredemaska.com\/wp-content\/uploads\/2026\/07\/les-Vanier-1536x1067.jpg 1536w, https:\/\/histoiredemaska.com\/wp-content\/uploads\/2026\/07\/les-Vanier-2048x1423.jpg 2048w, https:\/\/histoiredemaska.com\/wp-content\/uploads\/2026\/07\/les-Vanier-600x417.jpg 600w\" sizes=\"(max-width: 524px) 100vw, 524px\" \/><\/a><figcaption id=\"caption-attachment-8626\" class=\"wp-caption-text\">Le gouverneur g\u00e9n\u00e9ral du Canada, Georges Vanier, re\u00e7oit une oeuvre d&#8217;Anne-Marie Matte Desrosiers lors de sa visite \u00e0 Saint-Hyacinthe. De gauche \u00e0 droite: Georges Vanier, le maire de Saint-Hyacinthe Jacques Lafontaine, Mme Pauline Vanier et l&#8217;\u00e9v\u00eaque de Saint-Hyacinthe, Mgr. Arthur Douville. Centre d&#8217;histoire de Saint-Hyacinthe, Fonds CH548 Raymond B\u00e9langer, photographe.<\/figcaption><\/figure>\n<p>Les premiers ministres qu\u00e9b\u00e9cois Ad\u00e9lard Godbout, Maurice Duplessis, Jean Lesage et Daniel Johnson ont tous re\u00e7u en cadeau un tableau d\u2019Anne-Marie Matte. En 1967, lors de l\u2019Expo 67, on r\u00e9quisitionna tous les tableaux dont disposait l\u2019artiste pour les offrir aux ambassadeurs des diff\u00e9rents pays participant \u00e0 l\u2019\u00e9v\u00e9nement. Parmi les illustres propri\u00e9taires d\u2019une \u0153uvre d\u2019Anne-Marie Matte, nommons la princesse Grace de Monaco, Madame Eleanor Roosevelt, le roi L\u00e9opold de Belgique, Indira Ghandi\u2026<\/p>\n<p>En 1952, elle re\u00e7oit une m\u00e9daille d\u2019or de la Province de Qu\u00e9bec et une autre de Washington, la d\u00e9signant comme une artiste internationale.<\/p>\n<p>Anne-Marie est d\u00e9c\u00e9d\u00e9e \u00e0 Montr\u00e9al le 15 octobre 1977. Au d\u00e9but des ann\u00e9es 1990, la Ville de Saint-Hyacinthe se porte acqu\u00e9reur d\u2019une parcelle de terrain adjacente \u00e0 la r\u00e9sidence des Desrosiers sur la rue Saint-Pierre \u00e0 La Providence. On donna \u00e0 ce petit parc le nom d\u2019Anne-Marie Matte Desrosiers, perp\u00e9tuant ainsi le souvenir de celle qui fut surnomm\u00e9e \u00ab la dame \u00e0 l\u2019aiguille \u00bb!<\/p>\n<p><strong>Par: <\/strong>Martin Ostiguy<\/p>\n","protected":false},"featured_media":8621,"template":"","auteur":[],"categorie-dhistoire":[],"class_list":["post-8620","histoire","type-histoire","status-publish","has-post-thumbnail","hentry"],"acf":[],"_links":{"self":[{"href":"https:\/\/histoiredemaska.com\/en\/wp-json\/wp\/v2\/histoire\/8620","targetHints":{"allow":["GET"]}}],"collection":[{"href":"https:\/\/histoiredemaska.com\/en\/wp-json\/wp\/v2\/histoire"}],"about":[{"href":"https:\/\/histoiredemaska.com\/en\/wp-json\/wp\/v2\/types\/histoire"}],"version-history":[{"count":2,"href":"https:\/\/histoiredemaska.com\/en\/wp-json\/wp\/v2\/histoire\/8620\/revisions"}],"predecessor-version":[{"id":8628,"href":"https:\/\/histoiredemaska.com\/en\/wp-json\/wp\/v2\/histoire\/8620\/revisions\/8628"}],"wp:featuredmedia":[{"embeddable":true,"href":"https:\/\/histoiredemaska.com\/en\/wp-json\/wp\/v2\/media\/8621"}],"wp:attachment":[{"href":"https:\/\/histoiredemaska.com\/en\/wp-json\/wp\/v2\/media?parent=8620"}],"wp:term":[{"taxonomy":"auteur","embeddable":true,"href":"https:\/\/histoiredemaska.com\/en\/wp-json\/wp\/v2\/auteur?post=8620"},{"taxonomy":"categorie-dhistoire","embeddable":true,"href":"https:\/\/histoiredemaska.com\/en\/wp-json\/wp\/v2\/categorie-dhistoire?post=8620"}],"curies":[{"name":"wp","href":"https:\/\/api.w.org\/{rel}","templated":true}]}}