{"id":8643,"date":"2026-09-01T15:44:14","date_gmt":"2026-09-01T19:44:14","guid":{"rendered":"https:\/\/histoiredemaska.com\/?post_type=histoire&#038;p=8643"},"modified":"2026-09-01T15:44:14","modified_gmt":"2026-09-01T19:44:14","slug":"cecile-ena-bouchard-une-vie-au-service-du-pays-et-des-arts","status":"publish","type":"histoire","link":"https:\/\/histoiredemaska.com\/en\/histoire\/cecile-ena-bouchard-une-vie-au-service-du-pays-et-des-arts\/","title":{"rendered":"C\u00e9cile-\u00c9na Bouchard: une vie au service du pays et des arts"},"content":{"rendered":"<p>N\u00e9e \u00e0 Saint-Hyacinthe le 15 mars 1906, C\u00e9cile-\u00c9na Bouchard est la fille de T\u00e9lesphore-Damien Bouchard et de Blanche-Corona Cusson. Son p\u00e8re deviendra l\u2019une des personnalit\u00e9s politiques les plus en vue de Saint-Hyacinthe. Il sera maire de la Ville pendant pr\u00e8s d\u2019un quart de si\u00e8cle, en plus d\u2019\u00eatre d\u00e9put\u00e9 provincial du comt\u00e9, puis s\u00e9nateur. Dans les cabinets de Louis-Alexandre Taschereau et Ad\u00e9lard Godbout, il obtiendra plusieurs minist\u00e8res d\u2019importance. Il est \u00e9galement propri\u00e9taire du journal le <em>Clairon de Saint-Hyacinthe<\/em>, l\u2019organe lib\u00e9ral de la ville.<\/p>\n<p>C\u00e9cile-\u00c9na est la seule enfant de T.-D. \u00e0 avoir atteint l\u2019\u00e2ge adulte. Elle fait ses \u00e9tudes au Couvent de Lorette \u00e0 Saint-Hyacinthe, puis au Trafalgar Institute de Montr\u00e9al. Elle d\u00e9bute ensuite une carri\u00e8re de journaliste principalement au <em>Clairon<\/em> o\u00f9 elle signe la page f\u00e9minine sous le pseudonyme de Bianca. Elle accompagne son p\u00e8re dans ses congr\u00e8s et voyages d\u2019affaire un peu partout dans le monde, ce qui d\u00e9veloppe chez elle le go\u00fbt de l\u2019aventure.<\/p>\n<figure id=\"attachment_8647\" aria-describedby=\"caption-attachment-8647\" style=\"width: 283px\" class=\"wp-caption aligncenter\"><a href=\"https:\/\/histoiredemaska.com\/wp-content\/uploads\/2026\/07\/cecile-ena-jeune-fille.png\"><img fetchpriority=\"high\" decoding=\"async\" class=\"wp-image-8647\" src=\"https:\/\/histoiredemaska.com\/wp-content\/uploads\/2026\/07\/cecile-ena-jeune-fille-225x300.png\" alt=\"\" width=\"283\" height=\"377\" srcset=\"https:\/\/histoiredemaska.com\/wp-content\/uploads\/2026\/07\/cecile-ena-jeune-fille-225x300.png 225w, https:\/\/histoiredemaska.com\/wp-content\/uploads\/2026\/07\/cecile-ena-jeune-fille-768x1024.png 768w, https:\/\/histoiredemaska.com\/wp-content\/uploads\/2026\/07\/cecile-ena-jeune-fille-1152x1536.png 1152w, https:\/\/histoiredemaska.com\/wp-content\/uploads\/2026\/07\/cecile-ena-jeune-fille-600x800.png 600w, https:\/\/histoiredemaska.com\/wp-content\/uploads\/2026\/07\/cecile-ena-jeune-fille.png 1500w\" sizes=\"(max-width: 283px) 100vw, 283px\" \/><\/a><figcaption id=\"caption-attachment-8647\" class=\"wp-caption-text\">C\u00e9cile-\u00c9na Bouchard vers 1920. Centre d&#8217;histoire de Saint-Hyacinthe, Fonds CH123 C\u00e9cile-\u00c9na Bouchard.<\/figcaption><\/figure>\n<p>Au d\u00e9but de la Seconde Guerre mondiale, elle s\u2019occupe de la section des auxiliaires f\u00e9minines de Saint-Hyacinthe (W.V.R.C.), de m\u00eame que de la succursale maskoutaine de la Croix-Rouge. En janvier 1941, elle entre dans la section f\u00e9minine de l\u2019Arm\u00e9e canadienne. D\u2019abord attach\u00e9e \u00e0 la D\u00e9fense nationale \u00e0 Ottawa, avec un grade de capitaine, elle fait du service en Angleterre en 1943. L\u2019ann\u00e9e suivante, de retour au pays, elle est promue officier d\u2019\u00c9tat-Major. Le 15 mars 1945, elle est d\u00e9cor\u00e9e Membre de l\u2019Ordre de l\u2019Empire Britannique par le roi George VI.<\/p>\n<p>Apr\u00e8s sa d\u00e9mobilisation, elle demeure commentateur au poste CJAD. Elle y anime la rubrique \u00ab Personnalities in the News \u00bb jusqu\u2019en 1947. Durant plusieurs ann\u00e9es, elle donne des conf\u00e9rences un peu partout au Canada o\u00f9 elle raconte son exp\u00e9rience dans l\u2019arm\u00e9e. Elle fait partie du prestigieux <em>Women\u2019s Canadian Club <\/em>ainsi que de l\u2019Alliance fran\u00e7aise.<\/p>\n<figure id=\"attachment_8649\" aria-describedby=\"caption-attachment-8649\" style=\"width: 258px\" class=\"wp-caption aligncenter\"><a href=\"https:\/\/histoiredemaska.com\/wp-content\/uploads\/2026\/07\/cecile-ena-espagnole.png\"><img decoding=\"async\" class=\"wp-image-8649\" src=\"https:\/\/histoiredemaska.com\/wp-content\/uploads\/2026\/07\/cecile-ena-espagnole-225x300.png\" alt=\"\" width=\"258\" height=\"344\" srcset=\"https:\/\/histoiredemaska.com\/wp-content\/uploads\/2026\/07\/cecile-ena-espagnole-225x300.png 225w, https:\/\/histoiredemaska.com\/wp-content\/uploads\/2026\/07\/cecile-ena-espagnole-768x1024.png 768w, https:\/\/histoiredemaska.com\/wp-content\/uploads\/2026\/07\/cecile-ena-espagnole-1152x1536.png 1152w, https:\/\/histoiredemaska.com\/wp-content\/uploads\/2026\/07\/cecile-ena-espagnole-600x800.png 600w, https:\/\/histoiredemaska.com\/wp-content\/uploads\/2026\/07\/cecile-ena-espagnole.png 1500w\" sizes=\"(max-width: 258px) 100vw, 258px\" \/><\/a><figcaption id=\"caption-attachment-8649\" class=\"wp-caption-text\">C\u00e9cile-\u00c9na en costume traditionnel espagnol. Centre d&#8217;histoire de Saint-Hyacinthe, Fonds CH123 C\u00e9cile-\u00c9na Bouchard.<\/figcaption><\/figure>\n<p>Grande amoureuse des arts, particuli\u00e8rement de la musique, C\u00e9cile-\u00c9na sera une grande m\u00e9c\u00e8ne. Membre de la Soci\u00e9t\u00e9 des Concerts symphoniques, elle encourage autant qu\u2019elle peut tout mouvement dans le domaine musical ou th\u00e9\u00e2tral. Entour\u00e9e d\u2019amis, elle a une vie mondaine fort occup\u00e9e, assistant \u00e0 toutes les premi\u00e8res, participant \u00e0 de nombreuses inaugurations officielles. \u00c9tant donn\u00e9 sa notori\u00e9t\u00e9, on lui demande souvent d\u2019animer des soir\u00e9es. Ce sera m\u00eame elle qui donnera le signal du d\u00e9part lors du marathon de Saint-Hyacinthe pendant plusieurs ann\u00e9es.<\/p>\n<p>Sa relation avec son p\u00e8re est plut\u00f4t difficile. Autant elle admire le personnage impressionnant qu\u2019est T\u00e9lesphore-Damien Bouchard, autant elle craint son caract\u00e8re souvent bouillant. Respectueuse \u00e0 son endroit, elle demeurera avec lui jusqu\u2019au d\u00e9c\u00e8s du s\u00e9nateur en 1962. Si elle se plie \u00e0 ce qu\u2019elle croit \u00eatre son devoir, elle confiera plus tard que vivre avec le s\u00e9nateur n\u2019a pas \u00e9t\u00e9 facile, Bouchard n\u2019\u00e9tant pas un personnage agr\u00e9able au quotidien, surtout pour ses proches.<\/p>\n<figure id=\"attachment_8651\" aria-describedby=\"caption-attachment-8651\" style=\"width: 261px\" class=\"wp-caption aligncenter\"><a href=\"https:\/\/histoiredemaska.com\/wp-content\/uploads\/2026\/07\/cecile-ena-1946.png\"><img decoding=\"async\" class=\"wp-image-8651\" src=\"https:\/\/histoiredemaska.com\/wp-content\/uploads\/2026\/07\/cecile-ena-1946-225x300.png\" alt=\"\" width=\"261\" height=\"348\" srcset=\"https:\/\/histoiredemaska.com\/wp-content\/uploads\/2026\/07\/cecile-ena-1946-225x300.png 225w, https:\/\/histoiredemaska.com\/wp-content\/uploads\/2026\/07\/cecile-ena-1946-768x1024.png 768w, https:\/\/histoiredemaska.com\/wp-content\/uploads\/2026\/07\/cecile-ena-1946-1152x1536.png 1152w, https:\/\/histoiredemaska.com\/wp-content\/uploads\/2026\/07\/cecile-ena-1946-600x800.png 600w, https:\/\/histoiredemaska.com\/wp-content\/uploads\/2026\/07\/cecile-ena-1946.png 1500w\" sizes=\"(max-width: 261px) 100vw, 261px\" \/><\/a><figcaption id=\"caption-attachment-8651\" class=\"wp-caption-text\">C\u00e9cile-\u00c9na Bouchard, 1946. Centre d&#8217;histoire de Saint-Hyacinthe, Fonds CH123 C\u00e9cile-\u00c9na Bouchard.<\/figcaption><\/figure>\n<p>C\u00e9cile-\u00c9na aura une bien meilleure relation avec sa m\u00e8re, Blanche-Corona Cusson. Les deux femmes s\u2019entendent tr\u00e8s bien et sont les principales confidentes l\u2019une de l\u2019autre. Malheureusement, Blanche-Corona meurt assez jeune, en 1934, d\u2019une maladie fulgurante. De sa m\u00e8re, C\u00e9cile-\u00c9na h\u00e9ritera, entre autres, de sa grande passion pour les chiens. Toute sa vie, elle sera entour\u00e9e de plusieurs compagnons \u00e0 quatre pattes, surtout des P\u00e9kinois!<\/p>\n<p>Grande amie de l\u2019auteur Claude-Henri Grignon, elle loue puis lui ach\u00e8te une maison de vill\u00e9giature \u00e0 Sainte-Ad\u00e8le o\u00f9 elle passera l\u2019essentiel de ses vieux jours. Elle meurt \u00e0 Montr\u00e9al le 18 juin 1987 et est inhum\u00e9e au cimeti\u00e8re Notre-Dame \u00e0 Saint-Hyacinthe.<\/p>\n<p><strong>Par:\u00a0<\/strong>Martin Ostiguy<\/p>\n","protected":false},"featured_media":8644,"template":"","auteur":[],"categorie-dhistoire":[],"class_list":["post-8643","histoire","type-histoire","status-publish","has-post-thumbnail","hentry"],"acf":[],"_links":{"self":[{"href":"https:\/\/histoiredemaska.com\/en\/wp-json\/wp\/v2\/histoire\/8643","targetHints":{"allow":["GET"]}}],"collection":[{"href":"https:\/\/histoiredemaska.com\/en\/wp-json\/wp\/v2\/histoire"}],"about":[{"href":"https:\/\/histoiredemaska.com\/en\/wp-json\/wp\/v2\/types\/histoire"}],"version-history":[{"count":3,"href":"https:\/\/histoiredemaska.com\/en\/wp-json\/wp\/v2\/histoire\/8643\/revisions"}],"predecessor-version":[{"id":8654,"href":"https:\/\/histoiredemaska.com\/en\/wp-json\/wp\/v2\/histoire\/8643\/revisions\/8654"}],"wp:featuredmedia":[{"embeddable":true,"href":"https:\/\/histoiredemaska.com\/en\/wp-json\/wp\/v2\/media\/8644"}],"wp:attachment":[{"href":"https:\/\/histoiredemaska.com\/en\/wp-json\/wp\/v2\/media?parent=8643"}],"wp:term":[{"taxonomy":"auteur","embeddable":true,"href":"https:\/\/histoiredemaska.com\/en\/wp-json\/wp\/v2\/auteur?post=8643"},{"taxonomy":"categorie-dhistoire","embeddable":true,"href":"https:\/\/histoiredemaska.com\/en\/wp-json\/wp\/v2\/categorie-dhistoire?post=8643"}],"curies":[{"name":"wp","href":"https:\/\/api.w.org\/{rel}","templated":true}]}}