{"id":8708,"date":"2026-08-24T11:23:54","date_gmt":"2026-08-24T15:23:54","guid":{"rendered":"https:\/\/histoiredemaska.com\/?post_type=histoire&#038;p=8708"},"modified":"2026-08-24T16:10:53","modified_gmt":"2026-08-24T20:10:53","slug":"madeleine-arel-une-vie-consacree-a-la-musique","status":"publish","type":"histoire","link":"https:\/\/histoiredemaska.com\/en\/histoire\/madeleine-arel-une-vie-consacree-a-la-musique\/","title":{"rendered":"Madeleine Arel, une vie consacr\u00e9e \u00e0 la musique"},"content":{"rendered":"<p><strong>Par\u00a0: <\/strong>Martin Ostiguy, membre du Centre d\u2019histoire de Saint-Hyacinthe<\/p>\n<p>Madeleine Arel est n\u00e9e le 14 janvier 1921 \u00e0 Trois-Rivi\u00e8res. Elle est la fille d\u2019Albert Arel et de Bernadette Landry. Madeleine est l\u2019ain\u00e9e d\u2019une famille de trois enfants qui feront tous carri\u00e8re dans le domaine artistique et auront un parcours remarquable. Son fr\u00e8re cadet Marcel sera photographe et poss\u00e9dera le studio Lumi\u00e8re \u00e0 Saint-Hyacinthe, tandis que Gaston, le benjamin, deviendra un organiste de grande r\u00e9putation.<\/p>\n<p>Au d\u00e9but des ann\u00e9es 1930, la famille quitte Trois-Rivi\u00e8res pour s\u2019installer \u00e0 Saint-Hyacinthe. La grande passion de Madeleine, qu\u2019elle a h\u00e9rit\u00e9e de sa m\u00e8re, c\u2019est la musique. Elle n\u2019a que seize ans lorsqu\u2019elle commence \u00e0 enseigner le piano. Elle exercera cette carri\u00e8re d\u2019enseignante durant quatre-vingt-quatre ans. Lorsqu\u2019elle meurt subitement, \u00e0 l\u2019\u00e2ge de cent ans, elle attend une \u00e9l\u00e8ve qui vient pour sa le\u00e7on de piano\u2026<\/p>\n<p>Dipl\u00f4m\u00e9e de l\u2019Acad\u00e9mie de musique du Qu\u00e9bec, elle remplace son fr\u00e8re Gaston comme professeur de piano au S\u00e9minaire de Saint-Hyacinthe en 1953. Gaston, qui vient de recevoir une bourse de 1000 $ du ministre de la Jeunesse, part un an en Europe pour parfaire son m\u00e9tier d\u2019organiste. Madeleine devient ainsi l\u2019une des premi\u00e8res femmes \u00e0 enseigner aux \u00e9tudiants du S\u00e9minaire. \u00c0 cette \u00e9poque, elle est \u00e0 peine plus \u00e2g\u00e9e que les gar\u00e7ons auxquels elle enseigne, ce qui a certainement d\u00fb repr\u00e9senter un d\u00e9fi pour elle. Apr\u00e8s le retour de Gaston, elle r\u00e9alise un r\u00eave qu\u2019elle caresse depuis longtemps\u00a0: elle ouvre son propre studio \u00e0 la Place Frontenac, situ\u00e9e sur la rue Saint-Antoine, en face du march\u00e9. Elle engage des professeurs pour l\u2019aider \u00e0 satisfaire aux nombreuses demandes qu\u2019elle re\u00e7oit. Plus de 1500 jeunes Maskoutains et Maskoutaines apprendront le piano dans son studio.<\/p>\n<p>Lorsque ses \u00e9l\u00e8ves terminent leur formation, elle se rend avec eux \u00e0 Montr\u00e9al o\u00f9 ils passent leurs examens \u00e0 l\u2019Acad\u00e9mie de musique du Qu\u00e9bec. Devant la grande qualit\u00e9 de ses \u00e9tudiants, l\u2019Acad\u00e9mie prend finalement la d\u00e9cision d\u2019envoyer des juges \u00e0 Saint-Hyacinthe, ce qui permet aux \u00e9l\u00e8ves de Madeleine de passer leurs examens dans son studio.<\/p>\n<p>Plus tard, elle poursuit sa carri\u00e8re d\u2019enseignante chez elle, dans son petit appartement de la rue Saint-Fran\u00e7ois. Elle r\u00e9compense ses \u00e9l\u00e8ves avec de petits cadeaux, ce qui devient rapidement sa marque de commerce. \u00c0 la fin de sa vie, elle doit quitter sa maison et elle s\u2019installe sur la rue Cascades o\u00f9 elle continue de recevoir ses nombreux \u00e9l\u00e8ves.<\/p>\n<p>Elle est d\u00e9c\u00e9d\u00e9e le 1<sup>ier<\/sup> novembre 2021.<\/p>\n","protected":false},"featured_media":8709,"template":"","auteur":[],"categorie-dhistoire":[],"class_list":["post-8708","histoire","type-histoire","status-publish","has-post-thumbnail","hentry"],"acf":[],"_links":{"self":[{"href":"https:\/\/histoiredemaska.com\/en\/wp-json\/wp\/v2\/histoire\/8708","targetHints":{"allow":["GET"]}}],"collection":[{"href":"https:\/\/histoiredemaska.com\/en\/wp-json\/wp\/v2\/histoire"}],"about":[{"href":"https:\/\/histoiredemaska.com\/en\/wp-json\/wp\/v2\/types\/histoire"}],"version-history":[{"count":3,"href":"https:\/\/histoiredemaska.com\/en\/wp-json\/wp\/v2\/histoire\/8708\/revisions"}],"predecessor-version":[{"id":8713,"href":"https:\/\/histoiredemaska.com\/en\/wp-json\/wp\/v2\/histoire\/8708\/revisions\/8713"}],"wp:featuredmedia":[{"embeddable":true,"href":"https:\/\/histoiredemaska.com\/en\/wp-json\/wp\/v2\/media\/8709"}],"wp:attachment":[{"href":"https:\/\/histoiredemaska.com\/en\/wp-json\/wp\/v2\/media?parent=8708"}],"wp:term":[{"taxonomy":"auteur","embeddable":true,"href":"https:\/\/histoiredemaska.com\/en\/wp-json\/wp\/v2\/auteur?post=8708"},{"taxonomy":"categorie-dhistoire","embeddable":true,"href":"https:\/\/histoiredemaska.com\/en\/wp-json\/wp\/v2\/categorie-dhistoire?post=8708"}],"curies":[{"name":"wp","href":"https:\/\/api.w.org\/{rel}","templated":true}]}}