{"id":7504,"date":"2025-09-10T13:39:05","date_gmt":"2025-09-10T17:39:05","guid":{"rendered":"https:\/\/histoiredemaska.com\/?post_type=product&#038;p=7504"},"modified":"2025-12-04T11:11:21","modified_gmt":"2025-12-04T16:11:21","slug":"conference-le-regard-de-jacques-bernier-la-beaute-des-mots-la-force-des-images","status":"publish","type":"product","link":"https:\/\/histoiredemaska.com\/en\/produit\/conference-le-regard-de-jacques-bernier-la-beaute-des-mots-la-force-des-images\/","title":{"rendered":"Conf\u00e9rence pass\u00e9e : Le regard de Jacques Bernier : la beaut\u00e9 des mots, la force des images"},"content":{"rendered":"<p>Peut-\u00eatre avez-vous d\u00e9j\u00e0 remarqu\u00e9, dans le parc Dessaulles, la sculpture de l\u2019artiste Claude Millette \u00e9rig\u00e9e en m\u00e9moire du jeune po\u00e8te Jacques Bernier? D\u00e9c\u00e9d\u00e9 le 23 juillet 1978 \u00e0 l\u2019\u00e2ge de 34 ans, Bernier est un artiste multidisciplinaire qui s\u2019est int\u00e9ress\u00e9 \u00e0 la musique, au th\u00e9\u00e2tre, \u00e0 la photographie et, surtout, \u00e0 la po\u00e9sie.<\/p>\n<p>Cette conf\u00e9rence se divise en deux parties. Dans un premier temps, le conf\u00e9rencier, Martin Ostiguy, brossera un portrait intime de l\u2019homme et de sa d\u00e9marche artistique. Dans un second temps, il s\u2019attardera au regard que Jacques Bernier a pos\u00e9 sur le monde qui l\u2019entoure, alors qu\u2019il \u00e9tait photographe pour le journal <em>Le Clairon<\/em> \u00e0 la fin des ann\u00e9es 1960 et au d\u00e9but des ann\u00e9es 1970. Vous d\u00e9couvrirez (ou revivrez) des \u00e9v\u00e9nements politiques, culturels et sportifs ayant eu lieu \u00e0 Saint-Hyacinthe durant cette p\u00e9riode de forte effervescence.<\/p>\n<p>&nbsp;<\/p>\n<p>\u00c0 propos du conf\u00e9rencier :<\/p>\n<p>Martin Ostiguy est d\u00e9tenteur d\u2019un baccalaur\u00e9at en histoire, d\u2019une mineure en \u00e9tudes fran\u00e7aises et d\u2019un certificat en archivistique de l\u2019Universit\u00e9 de Montr\u00e9al. Apr\u00e8s avoir \u00e9t\u00e9 libraire durant de nombreuses ann\u00e9es, il entre au service du Centre d\u2019histoire de Saint-Hyacinthe en ao\u00fbt 2021. Depuis, il a particip\u00e9 \u00e0 plusieurs projets dont la r\u00e9daction d\u2019un ouvrage paru pour le 275<sup>e<\/sup> anniversaire de Saint-Hyacinthe ainsi que la r\u00e9daction d\u2019une publication sur le patrimoine religieux dans la MRC des Maskoutains. En compagnie de sa coll\u00e8gue Anne-Sophie Robert, il a donn\u00e9 quelques conf\u00e9rences pour le Centre d\u2019histoire de Saint-Hyacinthe. Curieux de nature, Martin est tr\u00e8s int\u00e9ress\u00e9 par l\u2019histoire \u00e9v\u00e9nementielle. \u00c0 travers des anecdotes, il aime faire d\u00e9couvrir des personnages moins connus de la r\u00e9gion maskoutaine ou encore des pans cach\u00e9s de son histoire.<\/p>\n<p>&nbsp;<\/p>\n<p>Il s\u2019agit de la quatri\u00e8me conf\u00e9rence de la saison 2025-2026. Le co\u00fbt est de 5 $ pour les non-membres et l\u2019entr\u00e9e est gratuite pour les membres. Aucune r\u00e9servation requise.<\/p>\n<p>Date : mardi 2 d\u00e9cembre \u00e0 19h (ouverture des portes \u00e0 18h30)<\/p>\n<p>Lieu : Centre culturel Humania Assurance (1675, rue Saint-Pierre Ouest, Saint-Hyacinthe).<\/p>\n","protected":false},"excerpt":{"rendered":"<p>Peut-\u00eatre avez-vous d\u00e9j\u00e0 remarqu\u00e9, dans le parc Dessaulles, la sculpture de l\u2019artiste Claude Millette \u00e9rig\u00e9e en m\u00e9moire du jeune po\u00e8te Jacques Bernier? D\u00e9c\u00e9d\u00e9 le 23 juillet 1978 \u00e0 l\u2019\u00e2ge de 34 ans, Bernier est un artiste multidisciplinaire qui s\u2019est int\u00e9ress\u00e9 \u00e0 la musique, au th\u00e9\u00e2tre, \u00e0 la photographie et, surtout, \u00e0 la po\u00e9sie. Cette conf\u00e9rence [&hellip;]<\/p>\n","protected":false},"featured_media":7505,"comment_status":"closed","ping_status":"closed","template":"","meta":{"_acf_changed":false},"product_brand":[],"product_cat":[35],"product_tag":[],"class_list":{"0":"post-7504","1":"product","2":"type-product","3":"status-publish","4":"has-post-thumbnail","6":"product_cat-evenements","8":"first","9":"instock","10":"shipping-taxable","11":"purchasable","12":"product-type-simple"},"acf":[],"_links":{"self":[{"href":"https:\/\/histoiredemaska.com\/en\/wp-json\/wp\/v2\/product\/7504","targetHints":{"allow":["GET"]}}],"collection":[{"href":"https:\/\/histoiredemaska.com\/en\/wp-json\/wp\/v2\/product"}],"about":[{"href":"https:\/\/histoiredemaska.com\/en\/wp-json\/wp\/v2\/types\/product"}],"replies":[{"embeddable":true,"href":"https:\/\/histoiredemaska.com\/en\/wp-json\/wp\/v2\/comments?post=7504"}],"version-history":[{"count":3,"href":"https:\/\/histoiredemaska.com\/en\/wp-json\/wp\/v2\/product\/7504\/revisions"}],"predecessor-version":[{"id":7887,"href":"https:\/\/histoiredemaska.com\/en\/wp-json\/wp\/v2\/product\/7504\/revisions\/7887"}],"wp:featuredmedia":[{"embeddable":true,"href":"https:\/\/histoiredemaska.com\/en\/wp-json\/wp\/v2\/media\/7505"}],"wp:attachment":[{"href":"https:\/\/histoiredemaska.com\/en\/wp-json\/wp\/v2\/media?parent=7504"}],"wp:term":[{"taxonomy":"product_brand","embeddable":true,"href":"https:\/\/histoiredemaska.com\/en\/wp-json\/wp\/v2\/product_brand?post=7504"},{"taxonomy":"product_cat","embeddable":true,"href":"https:\/\/histoiredemaska.com\/en\/wp-json\/wp\/v2\/product_cat?post=7504"},{"taxonomy":"product_tag","embeddable":true,"href":"https:\/\/histoiredemaska.com\/en\/wp-json\/wp\/v2\/product_tag?post=7504"}],"curies":[{"name":"wp","href":"https:\/\/api.w.org\/{rel}","templated":true}]}}